{"id":2955,"date":"2021-05-19T13:32:36","date_gmt":"2021-05-19T11:32:36","guid":{"rendered":"https:\/\/justice-initiative.eu\/charity-home-2\/"},"modified":"2024-02-01T12:11:23","modified_gmt":"2024-02-01T11:11:23","slug":"justice-initiative-romania","status":"publish","type":"page","link":"https:\/\/justice-initiative.eu\/ro\/","title":{"rendered":"Justice Initiative Romania"},"content":{"rendered":"<p><div class=\"fusion-fullwidth fullwidth-box fusion-builder-row-1 fusion-flex-container has-pattern-background has-mask-background container-absolute nonhundred-percent-fullwidth non-hundred-percent-height-scrolling\" style=\"--awb-border-radius-top-left:0px;--awb-border-radius-top-right:0px;--awb-border-radius-bottom-right:0px;--awb-border-radius-bottom-left:0px;--awb-min-height:0px;--awb-flex-wrap:wrap;\" ><div class=\"fusion-builder-row fusion-row fusion-flex-align-items-flex-end fusion-flex-content-wrap\" style=\"max-width:1289.6px;margin-left: calc(-4% \/ 2 );margin-right: calc(-4% \/ 2 );\"><div class=\"fusion-layout-column fusion_builder_column fusion-builder-column-0 fusion_builder_column_3_4 3_4 fusion-flex-column\" style=\"--awb-bg-size:cover;--awb-width-large:75%;--awb-margin-top-large:0px;--awb-spacing-right-large:2.56%;--awb-margin-bottom-large:20px;--awb-spacing-left-large:2.56%;--awb-width-medium:100%;--awb-order-medium:0;--awb-spacing-right-medium:1.92%;--awb-spacing-left-medium:1.92%;--awb-width-small:100%;--awb-order-small:0;--awb-spacing-right-small:1.92%;--awb-spacing-left-small:1.92%;\"><div class=\"fusion-column-wrapper fusion-column-has-shadow fusion-flex-justify-content-flex-start fusion-content-layout-column\"><\/div><\/div><div class=\"fusion-layout-column fusion_builder_column fusion-builder-column-1 fusion_builder_column_1_4 1_4 fusion-flex-column\" style=\"--awb-bg-size:cover;--awb-width-large:25%;--awb-margin-top-large:0px;--awb-spacing-right-large:7.68%;--awb-margin-bottom-large:20px;--awb-spacing-left-large:7.68%;--awb-width-medium:100%;--awb-order-medium:0;--awb-spacing-right-medium:1.92%;--awb-spacing-left-medium:1.92%;--awb-width-small:100%;--awb-order-small:0;--awb-spacing-right-small:1.92%;--awb-spacing-left-small:1.92%;\"><div class=\"fusion-column-wrapper fusion-column-has-shadow fusion-flex-justify-content-flex-start fusion-content-layout-column\"><\/div><\/div><\/div><\/div><div class=\"fusion-fullwidth fullwidth-box fusion-builder-row-2 fusion-flex-container has-pattern-background has-mask-background fusion-parallax-none nonhundred-percent-fullwidth non-hundred-percent-height-scrolling lazyload\" style=\"--awb-border-radius-top-left:0px;--awb-border-radius-top-right:0px;--awb-border-radius-bottom-right:0px;--awb-border-radius-bottom-left:0px;--awb-padding-top:250px;--awb-min-height:50vh;--awb-background-size:cover;--awb-flex-wrap:wrap;\" data-bg=\"https:\/\/justice-initiative.eu\/wp-content\/uploads\/2024\/01\/SIP_1046-scaled.jpg\" ><div class=\"fusion-builder-row fusion-row fusion-flex-align-items-flex-end fusion-flex-content-wrap\" style=\"max-width:1289.6px;margin-left: calc(-4% \/ 2 );margin-right: calc(-4% \/ 2 );\"><div class=\"fusion-layout-column fusion_builder_column fusion-builder-column-2 fusion_builder_column_1_1 1_1 fusion-flex-column fusion-column-inner-bg-wrapper\" style=\"--awb-inner-bg-size:cover;--awb-width-large:100%;--awb-margin-top-large:0px;--awb-spacing-right-large:1.92%;--awb-margin-bottom-large:20px;--awb-spacing-left-large:1.92%;--awb-width-medium:100%;--awb-order-medium:0;--awb-spacing-right-medium:1.92%;--awb-spacing-left-medium:1.92%;--awb-width-small:100%;--awb-order-small:0;--awb-spacing-right-small:1.92%;--awb-spacing-left-small:1.92%;\" data-scroll-devices=\"small-visibility,medium-visibility,large-visibility\"><span class=\"fusion-column-inner-bg hover-type-none\"><a class=\"fusion-column-anchor\" href=\"https:\/\/justice-initiative.eu\/abuse-justice-initiatives-eu-petition-540000-signatures-delivered-to-the-eu\/\"><span class=\"fusion-column-inner-bg-image\"><\/span><\/a><\/span><div class=\"fusion-column-wrapper fusion-column-has-shadow fusion-flex-justify-content-flex-start fusion-content-layout-column\"><div class=\"fusion-image-element sm-text-align-center\" style=\"--awb-margin-bottom-small:-150px;--awb-caption-title-font-family:var(--h2_typography-font-family);--awb-caption-title-font-weight:var(--h2_typography-font-weight);--awb-caption-title-font-style:var(--h2_typography-font-style);--awb-caption-title-size:var(--h2_typography-font-size);--awb-caption-title-transform:var(--h2_typography-text-transform);--awb-caption-title-line-height:var(--h2_typography-line-height);--awb-caption-title-letter-spacing:var(--h2_typography-letter-spacing);\"><span class=\" fusion-imageframe imageframe-none imageframe-1 hover-type-none\"><a class=\"fusion-no-lightbox\" href=\"https:\/\/justice-initiative.eu\/abuse-justice-initiatives-eu-petition-540000-signatures-delivered-to-the-eu\/?partner=jiw-google.com\" target=\"_self\" aria-label=\"signatures-handed\"><img decoding=\"async\" width=\"300\" height=\"221\" src=\"https:\/\/justice-initiative.eu\/wp-content\/uploads\/2023\/12\/signatures-handed.png\" data-orig-src=\"https:\/\/justice-initiative.eu\/wp-content\/uploads\/2023\/12\/signatures-handed-300x221.png\" alt class=\"lazyload img-responsive wp-image-226099\" srcset=\"data:image\/svg+xml,%3Csvg%20xmlns%3D%27http%3A%2F%2Fwww.w3.org%2F2000%2Fsvg%27%20width%3D%27442%27%20height%3D%27326%27%20viewBox%3D%270%200%20442%20326%27%3E%3Crect%20width%3D%27442%27%20height%3D%27326%27%20fill-opacity%3D%220%22%2F%3E%3C%2Fsvg%3E\" data-srcset=\"https:\/\/justice-initiative.eu\/wp-content\/uploads\/2023\/12\/signatures-handed-200x148.png 200w, https:\/\/justice-initiative.eu\/wp-content\/uploads\/2023\/12\/signatures-handed-400x295.png 400w, https:\/\/justice-initiative.eu\/wp-content\/uploads\/2023\/12\/signatures-handed.png 442w\" data-sizes=\"auto\" data-orig-sizes=\"(max-width: 1100px) 100vw, (max-width: 812px) 100vw, 300px\" \/><\/a><\/span><\/div><\/div><\/div><\/div><\/div><div class=\"fusion-fullwidth fullwidth-box fusion-builder-row-3 fusion-flex-container has-pattern-background has-mask-background nonhundred-percent-fullwidth non-hundred-percent-height-scrolling\" style=\"--awb-border-radius-top-left:0px;--awb-border-radius-top-right:0px;--awb-border-radius-bottom-right:0px;--awb-border-radius-bottom-left:0px;--awb-padding-top:70px;--awb-padding-bottom:0px;--awb-padding-top-small:150px;--awb-flex-wrap:wrap;\" ><div class=\"fusion-builder-row fusion-row fusion-flex-align-items-flex-start fusion-flex-content-wrap\" style=\"max-width:1289.6px;margin-left: calc(-4% \/ 2 );margin-right: calc(-4% \/ 2 );\"><div class=\"fusion-layout-column fusion_builder_column fusion-builder-column-3 fusion_builder_column_1_1 1_1 fusion-flex-column\" style=\"--awb-bg-size:cover;--awb-width-large:100%;--awb-margin-top-large:0px;--awb-spacing-right-large:1.92%;--awb-margin-bottom-large:20px;--awb-spacing-left-large:1.92%;--awb-width-medium:100%;--awb-order-medium:0;--awb-spacing-right-medium:1.92%;--awb-spacing-left-medium:1.92%;--awb-width-small:100%;--awb-order-small:0;--awb-spacing-right-small:1.92%;--awb-spacing-left-small:1.92%;\"><div class=\"fusion-column-wrapper fusion-column-has-shadow fusion-flex-justify-content-flex-start fusion-content-layout-column\"><div class=\"fusion-title title fusion-title-1 fusion-sep-none fusion-title-text fusion-title-size-one\"><h1 class=\"fusion-title-heading title-heading-left\" style=\"margin:0;\"><h1 class=\"artTitle\"><strong>26 ianuarie 2024 este o zi care nu trebuie uitat\u0103!<\/strong><\/h1><\/h1><\/div><div class=\"fusion-separator\" style=\"align-self: flex-start;margin-right:auto;margin-top:0px;margin-bottom:40px;width:100%;max-width:200px;\"><div class=\"fusion-separator-border sep-single sep-solid\" style=\"--awb-height:20px;--awb-amount:20px;--awb-sep-color:#fec96b;border-color:#fec96b;border-top-width:3px;\"><\/div><\/div><div class=\"fusion-text fusion-text-1\"><p style=\"text-align: left;\"><strong>La doar c\u00e2teva s\u0103pt\u0103m\u00e2ni de la succesul \u00eenregistrat la nivelul Uniunii Europene (UE), care a culminat cu livrarea a peste jum\u0103tate de milion de semn\u0103turi \u00een sprijinul peti\u021biei Justice Initiative, Consiliul Europei, din care fac parte 46 de state cu peste 600 de milioane de cet\u0103\u021beni, a votat \u00een favoarea trat\u0103rii cazurilor de abuz din trecut dup\u0103 modelul Elve\u021biei. \u00cen consecin\u021b\u0103, suferin\u021ba supravie\u021buitorilor abuzurilor asupra copiilor ar trebui s\u0103 fie recunoscut\u0103 oficial \u00een statele membre, cei afecta\u021bi ar trebui s\u0103 primeasc\u0103 o desp\u0103gubire &#8211; indiferent de orice termen de prescrip\u021bie &#8211; \u0219i ar trebui s\u0103 aib\u0103 loc o anchet\u0103 \u0219tiin\u021bific\u0103 \u00een \u021b\u0103rile respective.<\/strong><\/p>\n<p><img decoding=\"async\" class=\"lazyload alignnone size-large wp-image-226797\" src=\"https:\/\/justice-initiative.eu\/wp-content\/uploads\/2024\/01\/Estrasburgo_26_01_2024_Justice_Initiative-1534x1024.jpg\" data-orig-src=\"https:\/\/justice-initiative.eu\/wp-content\/uploads\/2024\/01\/Estrasburgo_26_01_2024_Justice_Initiative-1534x1024.jpg\" alt=\"\" width=\"1534\" height=\"1024\" srcset=\"data:image\/svg+xml,%3Csvg%20xmlns%3D%27http%3A%2F%2Fwww.w3.org%2F2000%2Fsvg%27%20width%3D%271534%27%20height%3D%271024%27%20viewBox%3D%270%200%201534%201024%27%3E%3Crect%20width%3D%271534%27%20height%3D%271024%27%20fill-opacity%3D%220%22%2F%3E%3C%2Fsvg%3E\" data-srcset=\"https:\/\/justice-initiative.eu\/wp-content\/uploads\/2024\/01\/Estrasburgo_26_01_2024_Justice_Initiative-200x134.jpg 200w, https:\/\/justice-initiative.eu\/wp-content\/uploads\/2024\/01\/Estrasburgo_26_01_2024_Justice_Initiative-300x200.jpg 300w, https:\/\/justice-initiative.eu\/wp-content\/uploads\/2024\/01\/Estrasburgo_26_01_2024_Justice_Initiative-400x267.jpg 400w, https:\/\/justice-initiative.eu\/wp-content\/uploads\/2024\/01\/Estrasburgo_26_01_2024_Justice_Initiative-600x401.jpg 600w, https:\/\/justice-initiative.eu\/wp-content\/uploads\/2024\/01\/Estrasburgo_26_01_2024_Justice_Initiative-768x513.jpg 768w, https:\/\/justice-initiative.eu\/wp-content\/uploads\/2024\/01\/Estrasburgo_26_01_2024_Justice_Initiative-800x534.jpg 800w, https:\/\/justice-initiative.eu\/wp-content\/uploads\/2024\/01\/Estrasburgo_26_01_2024_Justice_Initiative-1200x801.jpg 1200w, https:\/\/justice-initiative.eu\/wp-content\/uploads\/2024\/01\/Estrasburgo_26_01_2024_Justice_Initiative-1534x1024.jpg 1534w, https:\/\/justice-initiative.eu\/wp-content\/uploads\/2024\/01\/Estrasburgo_26_01_2024_Justice_Initiative-1536x1025.jpg 1536w, https:\/\/justice-initiative.eu\/wp-content\/uploads\/2024\/01\/Estrasburgo_26_01_2024_Justice_Initiative.jpg 1600w\" data-sizes=\"auto\" data-orig-sizes=\"(max-width: 1534px) 100vw, 1534px\" \/><\/p>\n<p>Adunarea Parlamentar\u0103 a Consiliului Europei face apel la toate statele membre s\u0103 fac\u0103 un bilan\u021b al situa\u021biei violen\u021belor comise \u00een institu\u021biile publice, private sau religioase \u00eempotriva copiilor, pentru a crea condi\u021biile potrivite pentru ca victimele s\u0103 vorbeasc\u0103. Recomand\u0103rile revolu\u021bionare ale Consiliului Europei corespund cerin\u021belor &#8222;Justice Initiative&#8221;, lansat\u0103 de Funda\u021bia elve\u021bian\u0103 Guido Fluri.<\/p>\n<p>Imediat dup\u0103 vot &#8211; raportul privind mo\u021biunea a fost votat \u00een unanimitate, la fel ca \u0219i recomand\u0103rile adresate statelor &#8211; a avut loc o conferin\u021b\u0103 de pres\u0103 a Justice Initiative la Strasbourg, \u00een cl\u0103direa care g\u0103zduie\u0219te Consiliul Europei. Pe l\u00e2ng\u0103 raportorul mo\u021biunii, Pierre-Alain Fridez \u0219i Guido Fluri, la conferin\u021b\u0103 au participat pre\u0219edintele Comisiei pentru afaceri sociale, s\u0103n\u0103tate \u0219i dezvoltare durabil\u0103, Simon MOUTQUIN (Belgia), ambasadorul Elve\u021biei la Consiliul Europei, Claude Wild, \u0219i patru supravie\u021buitori.<\/p>\n<p>&#8222;Cei care ignor\u0103 cazurile de abuz din trecut nu pot combate eficient cazurile de abuz de ast\u0103zi \u0219i de m\u00e2ine&#8221;, a declarat raportorul elve\u021bian Pierre-Alain Fridez. &#8222;\u00cen Europa, nu trebuie s\u0103 mai \u00eenchidem niciodat\u0103 ochii la abuzurile asupra copiilor, indiferent dac\u0103 au fost victime ale pr\u0103d\u0103torilor sexuali, ale violen\u021bei gratuite sau ale relelor tratamente \u00een institu\u021bii publice, private sau religioase care ar trebui s\u0103 fie refugii sigure&#8221;.<\/p>\n<p>&#8222;Faptul c\u0103 Consiliul Europei a decis o reevaluare cuprinz\u0103toare este un moment important pentru supravie\u021buitorii din \u00eentreaga Europ\u0103! Comunitatea european\u0103 trebuie s\u0103 fac\u0103 tot ce poate pentru a se asigura c\u0103 cei afecta\u021bi de abuzurile asupra copiilor primesc o form\u0103 de justi\u021bie c\u00e2t timp sunt \u00eenc\u0103 \u00een via\u021b\u0103&#8221;, spune ini\u021biatorul Guido Fluri.<\/p>\n<p>Decizia Consiliului Europei este un semnal important pentru supravie\u021buitorii abuzurilor din \u00eentreaga Europ\u0103. Ant\u00f3nio Grosso, un supravie\u021buitor \u00een v\u00e2rst\u0103 de 71 de ani din Portugalia, declar\u0103: &#8222;Aceast\u0103 t\u0103cere actual\u0103 este inacceptabil\u0103 \u0219i nedemn\u0103 de o democra\u021bie precum Portugalia. Dac\u0103 Portugalia recunoa\u0219te aceast\u0103 nedreptate, a\u0219a cum cere Consiliul Europei, atunci suntem pe drumul cel bun.&#8221;<\/p>\n<p>&#8222;Ast\u0103zi, 26 ianuarie 2024, m\u0103 aflu aici \u00eentr-o zi foarte important\u0103, care ne ofer\u0103 recunoa\u0219tere \u0219i vizibilitate. O societate avansat\u0103, \u00een secolul XXI, nu poate continua s\u0103 \u00ee\u0219i ascund\u0103 crimele \u0219i s\u0103 neglijeze grija fa\u021b\u0103 de copiii s\u0103i&#8221;, subliniaz\u0103 Francisco Javier, o victim\u0103 spaniol\u0103 \u00een v\u00e2rst\u0103 de 49 de ani. &#8222;Toate formele de violen\u021b\u0103 sexual\u0103 las\u0103 cicatrici care nu pot fi niciodat\u0103 \u0219terse. Supravie\u021buitorii ar trebui s\u0103 primeasc\u0103 mai mult\u0103 dreptate&#8221;. &#8211; Supravie\u021buitoare finlandez\u0103, membr\u0103 a grupului de ap\u0103rare a supravie\u021buitorilor Our Voice.<\/p>\n<p>Comunicatul de pres\u0103:\u00a0 <a href=\"https:\/\/justice-initiative.eu\/wp-content\/uploads\/2024\/02\/Comunicat-presa_RO.pdf\">Comunicat de pres\u0103 (RO)<\/a><\/p>\n<p>Toate articolele \u0219i rapoartele publicate \u00een mass-media:\u00a0 <a href=\"https:\/\/justice-initiative.eu\/press-center\/?partner=jiw-google.com\">Centrul de pres\u0103<\/a><\/p>\n<\/div><\/div><\/div><div class=\"fusion-layout-column fusion_builder_column fusion-builder-column-4 fusion_builder_column_1_1 1_1 fusion-flex-column\" style=\"--awb-bg-size:cover;--awb-width-large:100%;--awb-margin-top-large:0px;--awb-spacing-right-large:1.92%;--awb-margin-bottom-large:20px;--awb-spacing-left-large:1.92%;--awb-width-medium:100%;--awb-order-medium:0;--awb-spacing-right-medium:1.92%;--awb-spacing-left-medium:1.92%;--awb-width-small:100%;--awb-order-small:0;--awb-spacing-right-small:1.92%;--awb-spacing-left-small:1.92%;\"><div class=\"fusion-column-wrapper fusion-column-has-shadow fusion-flex-justify-content-flex-start fusion-content-layout-column\"><div class=\"fusion-title title fusion-title-2 fusion-sep-none fusion-title-text fusion-title-size-one\"><h1 class=\"fusion-title-heading title-heading-left\" style=\"margin:0;\"><h1 class=\"artTitle\">Peste 540.000 de cet\u0103\u021beni ai Uniunii Europene semneaz\u0103 o peti\u021bie \u00een favoarea legisla\u021biei propuse pentru prevenirea \u0219i combaterea abuzului sexual asupra copiilor<\/h1><\/h1><\/div><div class=\"fusion-separator\" style=\"align-self: flex-start;margin-right:auto;margin-top:0px;margin-bottom:40px;width:100%;max-width:200px;\"><div class=\"fusion-separator-border sep-single sep-solid\" style=\"--awb-height:20px;--awb-amount:20px;--awb-sep-color:#fec96b;border-color:#fec96b;border-top-width:3px;\"><\/div><\/div><div class=\"fusion-text fusion-text-2\"><p style=\"text-align: left;\">Munca intens\u0103 desf\u0103\u0219urat\u0103 de Justice Initiative \u00een ultimele luni a culminat miercuri, 6 decembrie, cu livrarea c\u0103tre autorit\u0103\u021bile Uniunii Europene (UE) a semn\u0103turilor \u00een sprijinul peti\u021biei care cere o Europ\u0103 \u0219i un internet #safeforkids. Cele peste 540.000 de semn\u0103turi au fost depuse \u00een cadrul unui eveniment la Parlamentul European \u00een prezen\u021ba eurodeputa\u021bilor Hilde Vautmans \u0219i Catharina Rinzema, a comisarului european pentru afaceri interne Ylva Johansson \u0219i a ministrului spaniol de interne Fernando Grande-Marlaska.<\/p>\n<p><img decoding=\"async\" class=\"lazyload alignnone wp-image-226008\" src=\"https:\/\/justice-initiative.eu\/wp-content\/uploads\/2023\/12\/SIP_1033-1200x800-1-300x200.jpg\" data-orig-src=\"https:\/\/justice-initiative.eu\/wp-content\/uploads\/2023\/12\/SIP_1033-1200x800-1-300x200.jpg\" alt=\"\" width=\"829\" height=\"552\" srcset=\"data:image\/svg+xml,%3Csvg%20xmlns%3D%27http%3A%2F%2Fwww.w3.org%2F2000%2Fsvg%27%20width%3D%27829%27%20height%3D%27552%27%20viewBox%3D%270%200%20829%20552%27%3E%3Crect%20width%3D%27829%27%20height%3D%27552%27%20fill-opacity%3D%220%22%2F%3E%3C%2Fsvg%3E\" data-srcset=\"https:\/\/justice-initiative.eu\/wp-content\/uploads\/2023\/12\/SIP_1033-1200x800-1-200x133.jpg 200w, https:\/\/justice-initiative.eu\/wp-content\/uploads\/2023\/12\/SIP_1033-1200x800-1-300x200.jpg 300w, https:\/\/justice-initiative.eu\/wp-content\/uploads\/2023\/12\/SIP_1033-1200x800-1-400x267.jpg 400w, https:\/\/justice-initiative.eu\/wp-content\/uploads\/2023\/12\/SIP_1033-1200x800-1-600x400.jpg 600w, https:\/\/justice-initiative.eu\/wp-content\/uploads\/2023\/12\/SIP_1033-1200x800-1-768x512.jpg 768w, https:\/\/justice-initiative.eu\/wp-content\/uploads\/2023\/12\/SIP_1033-1200x800-1-800x533.jpg 800w, https:\/\/justice-initiative.eu\/wp-content\/uploads\/2023\/12\/SIP_1033-1200x800-1.jpg 1200w\" data-sizes=\"auto\" data-orig-sizes=\"(max-width: 829px) 100vw, 829px\" \/><\/p>\n<p style=\"text-align: left;\">Evenimentul a fost reflectat \u00een pres\u0103:<br \/>\n<a href=\"https:\/\/www.euronews.ro\/articole\/milioane-de-copii-ajung-sa-fie-abuzati-online-ue-vrea-ca-gigantii-din-tehnologie\">EURONEWS<\/a><br \/>\n<a href=\"https:\/\/www.amosnews.ro\/peste-540-000-de-cetateni-ai-uniunii-europene-semneaza-o-petitie-in-zavoarea-legislatiei-propuse-pentru-prevenirea-si-combaterea-abuzului-sexual-asupra-copiilor\/\">Amosnews<\/a><br \/>\n<a href=\"https:\/\/www.romaniapozitiva.ro\/administratie\/peste-540-000-de-cetateni-ai-uniunii-europene-semneaza-o-petitie-in-favoarea-legislatiei-propuse-pentru-prevenirea-si-combaterea-abuzului-sexual-asupra-copiilor\/\">Rom\u00e2nia Pozitiv\u0103<\/a><br \/>\n<a href=\"https:\/\/www.bistritanews.ro\/index.php?mod=article&amp;cat=8&amp;article=32751\">Bistri\u021ba News\u00a0<\/a><br \/>\n<a href=\"https:\/\/www.galasocietatiicivile.ro\/resurse\/uniunea-europeana\/peste-540-000-de-ceta-eni-ai-uniunii-europene-semneaza-o-peti-ie-in-favoarea-legisla-iei-propuse-pentru-prevenirea-i-combaterea-abuzului-sexual-asupra-copiilor-24749.html\">Gala Societ\u0103\u021bii Civile<\/a><\/p>\n<\/div><div class=\"fusion-text fusion-text-3\"><p><span style=\"font-weight: 400;\">Peti\u021bia cere Uniunii Europene s\u0103 adopte m\u0103suri de protec\u021bie a copiilor \u00eempotriva abuzurilor sexuale \u00een mediul online. \u00cen 2022, au existat 32 de milioane de raport\u0103ri de suspiciuni de exploatare sexual\u0103 online a copiilor, dintre care peste 1,5 milioane \u00een UE, iar \u00een mod alarmant, Europa a devenit punctul central pentru distribu\u021bia \u0219i comer\u021bul cu imagini care prezint\u0103 con\u021binut sexual. Acest lucru trebuie s\u0103 se schimbe, iar <\/span><a href=\"https:\/\/eur-lex.europa.eu\/legal-content\/EN\/TXT\/?uri=COM%3A2022%3A209%3AFIN\"><span style=\"font-weight: 400;\">legisla\u021bia propus\u0103 de Uniunea European\u0103<\/span><\/a><span style=\"font-weight: 400;\"> are puterea de a face acest lucru.<\/span><\/p>\n<p><span style=\"font-weight: 400;\">Pentru a demonstra sprijinul publicului din Uniunea European\u0103, supravie\u021buitori din toate \u021b\u0103rile UE \u0219i 40 de organiza\u021bii partenere care lupt\u0103 pentru drepturile copilului, conduse de Justice Initiative, un program al Funda\u021biei Guido Fluri, au lansat aceast\u0103 peti\u021bie la nivel european. \u00cen ultimele \u0219ase luni, organiza\u021biile au reu\u0219it s\u0103 str\u00e2ng\u0103 semn\u0103turi din toate \u021b\u0103rile membre ale UE &#8211; din Spania p\u00e2n\u0103 \u00een Germania, din Grecia p\u00e2n\u0103 \u00een Rom\u00e2nia, din Finlanda p\u00e2n\u0103 \u00een Suedia \u0219i multe altele. Cu peste 540.000 de semn\u0103turi, peti\u021bia arat\u0103 c\u0103 majoritatea cet\u0103\u021benilor doresc de urgen\u021b\u0103 un sprijin sporit pentru supravie\u021buitori \u0219i o protec\u021bie sporit\u0103 a copiilor \u00eempotriva abuzurilor sexuale, \u00een special \u00een mediul online.<\/span><\/p>\n<\/div><\/div><\/div><div class=\"fusion-layout-column fusion_builder_column fusion-builder-column-5 fusion_builder_column_1_1 1_1 fusion-flex-column\" style=\"--awb-bg-size:cover;--awb-width-large:100%;--awb-margin-top-large:0px;--awb-spacing-right-large:1.92%;--awb-margin-bottom-large:20px;--awb-spacing-left-large:1.92%;--awb-width-medium:100%;--awb-order-medium:0;--awb-spacing-right-medium:1.92%;--awb-spacing-left-medium:1.92%;--awb-width-small:100%;--awb-order-small:0;--awb-spacing-right-small:1.92%;--awb-spacing-left-small:1.92%;\"><div class=\"fusion-column-wrapper fusion-column-has-shadow fusion-flex-justify-content-flex-start fusion-content-layout-column\"><div class=\"fusion-text fusion-text-4\"><p><span style=\"font-weight: 400;\">Justice Initiative este o mi\u0219care european\u0103 ce are ca scop oprirea, recunoa\u0219terea \u0219i prevenirea abuzurilor asupra copiilor din Europa. <\/span><span style=\"font-weight: 400;\">Societatea civil\u0103 din Rom\u00e2nia s-a al\u0103turat ini\u021biativei pentru a aduce dreptate victimelor abuzate fizic, psihic, emo\u021bional \u0219i sexual \u00een c\u0103minele \u0219i orfelinatele comuniste.<\/span><\/p>\n<\/div><\/div><\/div><\/div><\/div><div class=\"fusion-fullwidth fullwidth-box fusion-builder-row-4 fusion-flex-container has-pattern-background has-mask-background nonhundred-percent-fullwidth non-hundred-percent-height-scrolling\" style=\"--awb-border-radius-top-left:0px;--awb-border-radius-top-right:0px;--awb-border-radius-bottom-right:0px;--awb-border-radius-bottom-left:0px;--awb-flex-wrap:wrap;\" ><div class=\"fusion-builder-row fusion-row fusion-flex-align-items-flex-start fusion-flex-content-wrap\" style=\"max-width:1289.6px;margin-left: calc(-4% \/ 2 );margin-right: calc(-4% \/ 2 );\"><div class=\"fusion-layout-column fusion_builder_column fusion-builder-column-6 fusion_builder_column_1_1 1_1 fusion-flex-column\" style=\"--awb-bg-size:cover;--awb-width-large:100%;--awb-margin-top-large:0px;--awb-spacing-right-large:1.92%;--awb-margin-bottom-large:20px;--awb-spacing-left-large:1.92%;--awb-width-medium:100%;--awb-order-medium:0;--awb-spacing-right-medium:1.92%;--awb-spacing-left-medium:1.92%;--awb-width-small:100%;--awb-order-small:0;--awb-spacing-right-small:1.92%;--awb-spacing-left-small:1.92%;\"><div class=\"fusion-column-wrapper fusion-column-has-shadow fusion-flex-justify-content-flex-start fusion-content-layout-column\"><div class=\"fusion-title title fusion-title-3 fusion-sep-none fusion-title-text fusion-title-size-two\"><h2 class=\"fusion-title-heading title-heading-left\" style=\"margin:0;\">Informa\u021bii generale<\/h2><\/div><div class=\"fusion-text fusion-text-5\"><p>Misiunea grupului Justice Initiative este de a restabili dreptatea pentru victimele abuzurilor asupra copiilor din Europa.<\/p>\n<p>Europa a \u00eenc\u0103lcat protec\u021bia copiilor timp de zeci de ani: sute de mii de copii \u0219i tineri au devenit victime ale exploat\u0103rii, maltrat\u0103rii \u0219i abuzului sexual. \u00cen c\u00e2teva \u021b\u0103ri din Europa s-au f\u0103cut eforturi pentru a le remedia suferin\u021ba. \u00cen majoritatea \u021b\u0103rilor, o confruntare serioas\u0103 cu abuzul nu a avut loc p\u00e2n\u0103 \u00een prezent.<\/p>\n<p>\u00cen acest context, grupuri de victime, cadre universitare \u0219i ONG-uri din toat\u0103 Europa \u0219i-au unit for\u021bele pentru a formula o ini\u021biativ\u0103 politic\u0103 comun\u0103, Justice Initiative. Ini\u021biativa atrage aten\u021bia colectiv\u0103 asupra unei p\u0103r\u021bi suprimate a istoriei \u0219i asupra victimelor care sufer\u0103 \u0219i ast\u0103zi din cauza abuzului \u0219i a lipsei de recunoa\u0219tere public\u0103. Ini\u021biativa are scopul de a privi \u00een trecut, dar mai ales de a avea un efect asupra viitorului.<\/p>\n<\/div><\/div><\/div><\/div><\/div><div class=\"fusion-fullwidth fullwidth-box fusion-builder-row-5 fusion-flex-container has-pattern-background has-mask-background nonhundred-percent-fullwidth non-hundred-percent-height-scrolling\" style=\"--link_hover_color: #fec96b;--link_color: #333333;--awb-border-radius-top-left:0px;--awb-border-radius-top-right:0px;--awb-border-radius-bottom-right:0px;--awb-border-radius-bottom-left:0px;--awb-padding-top:0px;--awb-padding-bottom:70px;--awb-flex-wrap:wrap;\" ><div class=\"fusion-builder-row fusion-row fusion-flex-align-items-flex-start fusion-flex-content-wrap\" style=\"max-width:1289.6px;margin-left: calc(-4% \/ 2 );margin-right: calc(-4% \/ 2 );\"><div class=\"fusion-layout-column fusion_builder_column fusion-builder-column-7 fusion_builder_column_1_2 1_2 fusion-flex-column\" style=\"--awb-bg-size:cover;--awb-width-large:50%;--awb-margin-top-large:0px;--awb-spacing-right-large:3.84%;--awb-margin-bottom-large:0px;--awb-spacing-left-large:3.84%;--awb-width-medium:100%;--awb-order-medium:0;--awb-spacing-right-medium:1.92%;--awb-spacing-left-medium:1.92%;--awb-width-small:100%;--awb-order-small:0;--awb-spacing-right-small:1.92%;--awb-spacing-left-small:1.92%;\"><div class=\"fusion-column-wrapper fusion-column-has-shadow fusion-flex-justify-content-flex-start fusion-content-layout-column\"><div class=\"fusion-slider-sc\"><div class=\"fusion-flexslider-loading flexslider flexslider-hover-type-none\" data-slideshow_autoplay=\"1\" data-slideshow_smooth_height=\"1\" data-slideshow_speed=\"7000\" style=\"max-width:100%;height:100%;\"><ul class=\"slides\"><li class=\"image\"><span class=\"lazyload fusion-image-hover-element hover-type-none\"><img decoding=\"async\" src=\"https:\/\/justice-initiative.eu\/wp-content\/uploads\/2023\/02\/romania-shame.png\" data-orig-src=\"https:\/\/justice-initiative.eu\/wp-content\/uploads\/2023\/02\/romania-shame.png\" width=\"864\" height=\"652\" class=\"lazyload wp-image-12168\" srcset=\"data:image\/svg+xml,%3Csvg%20xmlns%3D%27http%3A%2F%2Fwww.w3.org%2F2000%2Fsvg%27%20width%3D%27864%27%20height%3D%27652%27%20viewBox%3D%270%200%20864%20652%27%3E%3Crect%20width%3D%27864%27%20height%3D%27652%27%20fill-opacity%3D%220%22%2F%3E%3C%2Fsvg%3E\" data-srcset=\"https:\/\/justice-initiative.eu\/wp-content\/uploads\/2023\/02\/romania-shame-200x151.png 200w, https:\/\/justice-initiative.eu\/wp-content\/uploads\/2023\/02\/romania-shame-400x302.png 400w, https:\/\/justice-initiative.eu\/wp-content\/uploads\/2023\/02\/romania-shame-600x453.png 600w, https:\/\/justice-initiative.eu\/wp-content\/uploads\/2023\/02\/romania-shame-800x604.png 800w, https:\/\/justice-initiative.eu\/wp-content\/uploads\/2023\/02\/romania-shame.png 864w\" data-sizes=\"auto\" data-orig-sizes=\"(max-width: 1100px) 100vw, (max-width: 812px) 100vw, 600px\" \/><\/span><\/li><\/ul><\/div><\/div><\/div><\/div><div class=\"fusion-layout-column fusion_builder_column fusion-builder-column-8 fusion_builder_column_1_2 1_2 fusion-flex-column\" style=\"--awb-padding-top:20px;--awb-padding-right:20px;--awb-padding-bottom:20px;--awb-padding-left:20px;--awb-bg-color:#faf8ec;--awb-bg-color-hover:#faf8ec;--awb-bg-size:cover;--awb-width-large:50%;--awb-margin-top-large:0px;--awb-spacing-right-large:3.84%;--awb-margin-bottom-large:20px;--awb-spacing-left-large:3.84%;--awb-width-medium:50%;--awb-order-medium:0;--awb-spacing-right-medium:3.84%;--awb-spacing-left-medium:3.84%;--awb-width-small:100%;--awb-order-small:0;--awb-spacing-right-small:1.92%;--awb-spacing-left-small:1.92%;\"><div class=\"fusion-column-wrapper fusion-column-has-shadow fusion-flex-justify-content-flex-start fusion-content-layout-column\"><div class=\"fusion-title title fusion-title-4 fusion-sep-none fusion-title-text fusion-title-size-two\"><h2 class=\"fusion-title-heading title-heading-left\" style=\"margin:0;\">Expozi\u021bie la Bucure\u0219ti, Rom\u00e2nia<\/h2><\/div><div class=\"fusion-separator\" style=\"align-self: flex-start;margin-right:auto;margin-top:0px;margin-bottom:40px;width:100%;max-width:200px;\"><div class=\"fusion-separator-border sep-single sep-solid\" style=\"--awb-height:20px;--awb-amount:20px;--awb-sep-color:#fec96b;border-color:#fec96b;border-top-width:3px;\"><\/div><\/div><div class=\"fusion-text fusion-text-6\"><p>Exhibition SHAME &#8211; Victime ale abuzului asupra copiilor \u00ee\u0219i \u00eemp\u0103rt\u0103\u0219esc pove\u0219tile<\/p>\n<\/div><ul style=\"--awb-iconcolor:#fec96b;--awb-line-height:23.8px;--awb-icon-width:23.8px;--awb-icon-height:23.8px;--awb-icon-margin:9.8px;--awb-content-margin:33.6px;\" class=\"fusion-checklist fusion-checklist-1 fusion-checklist-default type-icons\"><li class=\"fusion-li-item\" style=\"\"><span class=\"icon-wrapper circle-no\"><i class=\"fusion-li-icon fa-calendar-check fas\" aria-hidden=\"true\"><\/i><\/span><div class=\"fusion-li-item-content\">\n<p><strong>Durata expozi\u021biei:<\/strong> 15 februarie\u201315 martie 2023<\/p>\n<\/div><\/li><li class=\"fusion-li-item\" style=\"\"><span class=\"icon-wrapper circle-no\"><i class=\"fusion-li-icon fa-map-marker-alt fas\" aria-hidden=\"true\"><\/i><\/span><div class=\"fusion-li-item-content\">\n<p><strong>Loca\u021bie: <\/strong>Sta\u021bia de metrou Pia\u021ba Unirii 1, Bucure\u015fti<\/p>\n<\/div><\/li><li class=\"fusion-li-item\" style=\"\"><span class=\"icon-wrapper circle-no\"><i class=\"fusion-li-icon fa-envelope fas\" aria-hidden=\"true\"><\/i><\/span><div class=\"fusion-li-item-content\">\n<p><strong>Contact: <\/strong><a href=\"mailto:germany@justice-initiative.eu\" target=\"_blank\" rel=\"noopener\">romania@justice-initiative.eu<\/a><\/p>\n<\/div><\/li><li class=\"fusion-li-item\" style=\"\"><span class=\"icon-wrapper circle-no\"><i class=\"fusion-li-icon fa-arrow-circle-down fas\" aria-hidden=\"true\"><\/i><\/span><div class=\"fusion-li-item-content\">\n<p><strong>Descarc\u0103: <\/strong><a href=\"https:\/\/justice-initiative.eu\/wp-content\/uploads\/2023\/02\/ROM-Poster-A3.pdf\">Mai multe informatii<\/a><\/p>\n<\/div><\/li><\/ul><\/div><\/div><\/div><\/div><div class=\"fusion-fullwidth fullwidth-box fusion-builder-row-6 fusion-flex-container has-pattern-background has-mask-background fusion-parallax-fixed nonhundred-percent-fullwidth non-hundred-percent-height-scrolling lazyload\" style=\"--awb-background-blend-mode:darken;--awb-border-sizes-top:0px;--awb-border-sizes-bottom:0px;--awb-border-sizes-left:0px;--awb-border-sizes-right:0px;--awb-border-radius-top-left:0px;--awb-border-radius-top-right:0px;--awb-border-radius-bottom-right:0px;--awb-border-radius-bottom-left:0px;--awb-padding-top:70px;--awb-padding-bottom:70px;--awb-background-color:rgba(0,0,0,0.8);--awb-background-size:cover;--awb-flex-wrap:wrap;background-attachment:fixed;\" data-bg=\"https:\/\/justice-initiative.eu\/wp-content\/uploads\/2021\/09\/iStock-1322277412.jpg\" ><div class=\"fusion-builder-row fusion-row fusion-flex-align-items-flex-end fusion-flex-content-wrap\" style=\"max-width:1289.6px;margin-left: calc(-4% \/ 2 );margin-right: calc(-4% \/ 2 );\"><div class=\"fusion-layout-column fusion_builder_column fusion-builder-column-9 fusion_builder_column_3_5 3_5 fusion-flex-column\" style=\"--awb-bg-size:cover;--awb-width-large:60%;--awb-margin-top-large:0px;--awb-spacing-right-large:3.84%;--awb-margin-bottom-large:0px;--awb-spacing-left-large:3.2%;--awb-width-medium:100%;--awb-order-medium:0;--awb-spacing-right-medium:1.92%;--awb-spacing-left-medium:1.92%;--awb-width-small:100%;--awb-order-small:0;--awb-spacing-right-small:1.92%;--awb-spacing-left-small:1.92%;\"><div class=\"fusion-column-wrapper fusion-column-has-shadow fusion-flex-justify-content-flex-start fusion-content-layout-column\"><div class=\"fusion-title title fusion-title-5 fusion-sep-none fusion-title-text fusion-title-size-two\" style=\"--awb-text-color:#ffffff;\"><h2 class=\"fusion-title-heading title-heading-left\" style=\"margin:0;line-height:1;\">Implic\u0103-te<\/h2><\/div><div class=\"fusion-separator\" style=\"align-self: flex-start;margin-right:auto;margin-top:0px;margin-bottom:40px;width:100%;max-width:200px;\"><div class=\"fusion-separator-border sep-single sep-solid\" style=\"--awb-height:20px;--awb-amount:20px;--awb-sep-color:#fec96b;border-color:#fec96b;border-top-width:3px;\"><\/div><\/div><div class=\"fusion-text fusion-text-7\" style=\"--awb-text-color:#ffffff;\"><p>Istoria abuziv\u0103 \u0219i dureroas\u0103 a copiilor din orfelinatele comuniste a fost redus\u0103 la t\u0103cere \u00een ultimii 30 de ani. \u00cen demersul nostru de a aduce recunoa\u0219tere supravie\u021buitorilor avem nevoie de voci care s\u0103 fac\u0103 auzite pove\u0219tile din acea perioad\u0103 \u00eentunecat\u0103 a Rom\u00e2niei.<\/p>\n<p>Scrie-ne la adresa <a href=\"mailto:romania@justice-initiative.eu\">romania@justice-initiative.eu<\/a> dac\u0103 dore\u0219ti s\u0103 te al\u0103turi ini\u021biativei noastre!<\/p>\n<\/div><\/div><\/div><div class=\"fusion-layout-column fusion_builder_column fusion-builder-column-10 fusion_builder_column_2_5 2_5 fusion-flex-column\" style=\"--awb-bg-size:cover;--awb-width-large:40%;--awb-margin-top-large:0px;--awb-spacing-right-large:4.8%;--awb-margin-bottom-large:0px;--awb-spacing-left-large:4.8%;--awb-width-medium:100%;--awb-order-medium:0;--awb-spacing-right-medium:1.92%;--awb-spacing-left-medium:1.92%;--awb-width-small:100%;--awb-order-small:0;--awb-spacing-right-small:1.92%;--awb-spacing-left-small:1.92%;\"><div class=\"fusion-column-wrapper fusion-column-has-shadow fusion-flex-justify-content-flex-start fusion-content-layout-column\"><!-- Begin Mailchimp Signup Form -->\n<link href=\"\/\/cdn-images.mailchimp.com\/embedcode\/classic-10_7.css\" rel=\"stylesheet\" type=\"text\/css\">\n<style type=\"text\/css\">\n\t#mc_embed_signup{background:none; clear:left; font:16px Helvetica,Arial,sans-serif; color: #fff;}\n\t\/* Add your own Mailchimp form style overrides in your site stylesheet or in this style block.\n\t   We recommend moving this block and the preceding CSS link to the HEAD of your HTML file. *\/\n<\/style>\n<div id=\"mc_embed_signup\">\n<form style=\"padding: 0;\" action=\"https:\/\/krauthammer-partner.us5.list-manage.com\/subscribe\/post?u=000455077b3499637f19752f2&id=89cfd1f5e9\" method=\"post\" id=\"mc-embedded-subscribe-form\" name=\"mc-embedded-subscribe-form\" class=\"validate\" target=\"_blank\" novalidate>\n    <div id=\"mc_embed_signup_scroll\">\n<div class=\"indicates-required\"><span class=\"asterisk\">*<\/span> indic\u0103 necesar<\/div>\n<div class=\"mc-field-group input-group\" style=\"padding-bottom: 0;\">\n    <ul><li><input type=\"checkbox\" value=\"1\" name=\"group[30029][1]\" id=\"mce-group[30029]-30029-0\"><label for=\"mce-group[30029]-30029-0\"> V\u0103 rug\u0103m s\u0103 bifa\u021bi dac\u0103 dori\u021bi s\u0103 deveni\u021bi suporter \u00een \u021bara dumneavoastr\u0103.<\/label><\/li>\n<\/ul>\n<\/div>\n<div class=\"mc-field-group\">\n\t<input type=\"email\" value=\"\" name=\"EMAIL\" class=\"required email\" id=\"mce-EMAIL\" placeholder=\"Email Address*\">\n<\/div>\n\t<div id=\"mce-responses\" class=\"clear\">\n\t\t<div class=\"response\" id=\"mce-error-response\" style=\"display:none\"><\/div>\n\t\t<div class=\"response\" id=\"mce-success-response\" style=\"display:none\"><\/div>\n\t<\/div>    <!-- real people should not fill this in and expect good things - do not remove this or risk form bot signups-->\n    <div style=\"position: absolute; left: -5000px;\" aria-hidden=\"true\"><input type=\"text\" name=\"b_000455077b3499637f19752f2_89cfd1f5e9\" tabindex=\"-1\" value=\"\"><\/div>\n    <div class=\"clear\"><input type=\"submit\" value=\"Aboneaz\u0103-te la\" name=\"subscribe\" id=\"mc-embedded-subscribe\" class=\"button\"><\/div>\n    <\/div>\n<\/form>\n<\/div>\n<script type='text\/javascript' src='\/\/s3.amazonaws.com\/downloads.mailchimp.com\/js\/mc-validate.js'><\/script><script type='text\/javascript'>(function($) {window.fnames = new Array(); window.ftypes = new Array();fnames[0]='EMAIL';ftypes[0]='email';fnames[1]='FNAME';ftypes[1]='text';fnames[2]='LNAME';ftypes[2]='text';fnames[3]='ADDRESS';ftypes[3]='address';fnames[4]='PHONE';ftypes[4]='phone';}(jQuery));var $mcj = jQuery.noConflict(true);<\/script>\n<!--End mc_embed_signup--><\/div><\/div><\/div><\/div><div class=\"fusion-fullwidth fullwidth-box fusion-builder-row-7 fusion-flex-container has-pattern-background has-mask-background nonhundred-percent-fullwidth non-hundred-percent-height-scrolling\" style=\"--awb-border-radius-top-left:0px;--awb-border-radius-top-right:0px;--awb-border-radius-bottom-right:0px;--awb-border-radius-bottom-left:0px;--awb-padding-top:70px;--awb-padding-bottom:70px;--awb-flex-wrap:wrap;\" ><div class=\"fusion-builder-row fusion-row fusion-flex-align-items-stretch fusion-flex-content-wrap\" style=\"max-width:1289.6px;margin-left: calc(-4% \/ 2 );margin-right: calc(-4% \/ 2 );\"><div class=\"fusion-layout-column fusion_builder_column fusion-builder-column-11 fusion_builder_column_1_1 1_1 fusion-flex-column\" style=\"--awb-bg-size:cover;--awb-width-large:100%;--awb-margin-top-large:0px;--awb-spacing-right-large:1.92%;--awb-margin-bottom-large:20px;--awb-spacing-left-large:1.92%;--awb-width-medium:100%;--awb-order-medium:0;--awb-spacing-right-medium:1.92%;--awb-spacing-left-medium:1.92%;--awb-width-small:100%;--awb-order-small:0;--awb-spacing-right-small:1.92%;--awb-spacing-left-small:1.92%;\"><div class=\"fusion-column-wrapper fusion-column-has-shadow fusion-flex-justify-content-flex-start fusion-content-layout-column\"><div class=\"fusion-title title fusion-title-6 fusion-sep-none fusion-title-text fusion-title-size-two\"><h2 class=\"fusion-title-heading title-heading-left\" style=\"margin:0;\">Copiii statului, \u00eentre trecut \u0219i viitor. C\u00e2teva reflec\u021bii asupra sistemului de protec\u021bie special\u0103<\/h2><\/div><div class=\"fusion-separator\" style=\"align-self: flex-start;margin-right:auto;margin-top:0px;margin-bottom:40px;width:100%;max-width:200px;\"><div class=\"fusion-separator-border sep-single sep-solid\" style=\"--awb-height:20px;--awb-amount:20px;--awb-sep-color:#fec96b;border-color:#fec96b;border-top-width:3px;\"><\/div><\/div><div class=\"fusion-text fusion-text-8\"><p>\u00cen decembrie 2006, pre\u0219edintele de atunci al Rom\u00e2niei, domnul Traian B\u0103sescu, a condamnat regimul comunist, descriindu-l drept ilegitim \u0219i criminal. Raportul comisiei preziden\u021biale \u00een baza c\u0103ruia a fost condamnat regimul comunist este un document lung \u0219i complex, de peste 600 de pagini, \u00een cuprinsul c\u0103ruia sunt abordate toate marile teme ale comunismului rom\u00e2nesc. \u00cenchisorile \u0219i tortura, partidul unic \u0219i propaganda, \u00eenv\u0103\u021b\u0103m\u00e2ntul, statutul minorit\u0103\u021bilor, interzicerea avorturilor, rezisten\u021ba din mun\u021bi \u0219.m.a. sunt analizate cu aten\u021bie la detalii \u0219i p\u0103trundere. Din tot acest univers descris de autori, ap\u0103s\u0103tor pentru to\u021bi cei care au tr\u0103it acele vremuri de trist\u0103 amintire, lipse\u0219te o tem\u0103 important\u0103, esen\u021bial\u0103 pentru \u00een\u021belegerea societ\u0103\u021bii noastre: lumea orfelinatului rom\u00e2nesc. Trist\u0103 \u0219i gr\u0103itoare abordare a uneia dintre cele mai cinice politici publice a statului rom\u00e2n de c\u0103tre unii dintre istoricii \u0219i c\u0103rturarii s\u0103i de frunte. Interpretat \u00eentr-o cheie strict\u0103, acest detaliu aparent irelevant este echivalent cu un al doilea abandon al copiilor vulnerabili din Rom\u00e2nia.<br \/>\nO incursiune \u00een istoria recent\u0103 a sistemului de protec\u021bie a copilului este mai mult dec\u00e2t necesar\u0103, c\u0103ci ceea ce s-a \u00eent\u00e2mplat dup\u0103 1989 \u00een orfelinate continu\u0103, \u00eentr-o m\u0103sur\u0103 deloc de neglijat, un tip de practic\u0103 care are o vechime apreciabil\u0103. Mentalit\u0103\u021bile, comportamentele \u0219i tipul de pedagogie func\u021bionale \u00een anii \u201870-\u201980 nu au disp\u0103rut complet \u00een 1989. Nici nu avea cum s\u0103 se \u00eent\u00e2mple a\u0219a ceva. Ele au persistat \u00eenc\u0103 o bun\u0103 perioad\u0103 de timp \u00een anii scur\u0219i din 1989 \u0219i p\u00e2n\u0103 ast\u0103zi. Pentru a \u00een\u021belege mai bine de ce sistemul de protec\u021bie a evoluat \u00eentr-o anume direc\u021bie, complet degradant\u0103 pentru fiin\u021ba uman\u0103, trebuie precizate c\u00e2teva dintre momentele sale esen\u021biale:<\/p>\n<\/div><\/div><\/div><div class=\"fusion-layout-column fusion_builder_column fusion-builder-column-12 fusion_builder_column_1_2 1_2 fusion-flex-column\" style=\"--awb-bg-size:cover;--awb-width-large:50%;--awb-margin-top-large:0px;--awb-spacing-right-large:3.84%;--awb-margin-bottom-large:0px;--awb-spacing-left-large:3.84%;--awb-width-medium:100%;--awb-order-medium:0;--awb-spacing-right-medium:1.92%;--awb-spacing-left-medium:1.92%;--awb-width-small:100%;--awb-order-small:0;--awb-spacing-right-small:1.92%;--awb-spacing-left-small:1.92%;\"><div class=\"fusion-column-wrapper fusion-column-has-shadow fusion-flex-justify-content-flex-start fusion-content-layout-column\"><div class=\"fusion-text fusion-text-9\"><p>A. Adoptarea Decretului nr. 770 din 1966 a fost factorul declan\u0219ator pentru nenum\u0103tare tragedii \u0219i drame, care au marcat societatea noastr\u0103. Interzicerea avortului a afectat femeile \u0219i familiile din \u021bar\u0103. Urm\u0103rile au fost extrem de brutale: peste 10.000 de femei au decedat \u00een urma avorturilor f\u0103cute pe ascuns, \u00een condi\u021bii improprii, num\u0103rul copiilor nedori\u021bi a crescut exponential \u0219i abandonul devine fenomen de mas\u0103.<\/p>\n<p>B. Adoptarea Legii nr. 3 din 1970, prin care este \u00eencurajat\u0103 abandonarea copiilor \u00een institu\u021biile statului. Copiii nedori\u021bi de p\u0103rin\u021bi, din motive personale \u0219i de natur\u0103 economic\u0103, sunt l\u0103sa\u021bi \u00een leag\u0103ne, orfelinate \u0219i centre pentru copiii cu handicap. \u00cen primii 5 ani de dup\u0103 adoptarea Decretului 770\/1966 se nasc peste 2.000.000, perioada de v\u00e2rf a demografiei rom\u00e2ne\u0219ti. Copiii n\u0103scu\u021bi \u00een ace\u0219ti ani cap\u0103t\u0103 numele de decre\u021bei.<\/p>\n<p>C. La sf\u00e2r\u0219itul anilor \u201970, \u00eencepe fenomenul adop\u021biei interna\u021bionale. Timid la \u00eenceput, \u0219i mediat la cel mai \u00eenalt nivel al statului, acesta cap\u0103t\u0103 amploare \u00een primii ani ai tranzi\u021biei rom\u00e2ne\u0219ti. Estim\u0103ri neoficiale men\u021bioneaz\u0103 c\u0103 ar fi vorba de peste 20.000 de copii adopta\u021bi de str\u0103ini \u00een primii 3 ani care au urmat Revolu\u021biei din 1989. Adop\u021bia interna\u021bional\u0103 este stopat\u0103 \u00een anul 2001, la presiunile institu\u021biilor europene, \u00een contextul procesului de aderare al Rom\u00e2niei la UE. Baroneasa Emma Nicholson, fost raportor al Parlamentului European pentru Rom\u00e2nia \u0219i monitor al progreselor \u00eenregistrate de \u021bara noastr\u0103, men\u021biona faptul c\u0103 adop\u021biile de copii rom\u00e2ni au \u00eembog\u0103\u021bit firmele intermediare, suma vehiculat\u0103 pentru primii zece ani ai tranzi\u021biei fiind de peste 1 miliard de dolari.<\/p>\n<p>D. Interesul presei pentru universul orfelinilor a fost mare \u00eenc\u0103 de la \u00eenceputul tranzi\u021biei, \u00eens\u0103 s-a concentrat pe elementele senza\u021bionale, care vindeau ziarele. Abia \u00een ultimii 10 ani au \u00eenceput s\u0103 fie studiate problemele structurale ale sistemului de protec\u021bie: violen\u021ba institu\u021bional\u0103, practica r\u0103sp\u00e2ndit\u0103 a administr\u0103rii de neuroleptice, abuzurile sexuale, re\u021belele de prostitu\u021bie \u0219i adop\u021biile ilegale. Perspectiva a devenit una a duratei lungi a sistemului, fiind urm\u0103rite fenomene precum violen\u021ba, abuzurile sexuale \u0219i traficul de persoane petrecute \u00een ultimele decenii.<\/p>\n<p>E. \u00cen ultimii 15 ani, organiza\u021biile neguvernamentale se dezvolt\u0103 \u0219i devin capabile s\u0103 pun\u0103 presiune asupra institu\u021biilor care conduc sistemul de protec\u021bie, fiind parte important\u0103 \u00een procesul de elaborare a politicilor sociale specifice. Mul\u021bi tineri care au cunoscut experien\u021ba institu\u021bionaliz\u0103rii se implic\u0103 \u00een demersuri de recuperare a memoriei institu\u021biei de ocrotire \u0219i au initiative referitoare la investigarea abuzurilor petrecute \u00een orfelinatele lui Ceau\u0219escu \u0219i \u00een centrele de plasament ale tranzi\u021biei. M\u0103rturiile despre abuzuri se \u00eenmul\u021besc. Relele tratamente aplicate tinerilor interna\u021bi \u00een c\u0103minele-spital din anii \u201980 sunt documentate de cercet\u0103torii IICCMER \u0219i se depun sesiz\u0103ri penale pentru moartea a 777 de minori \u00een c\u0103minele-spital din Cighid, P\u0103str\u0103veni \u0219i Sighet \u00een anii \u201980.<\/p>\n<\/div><\/div><\/div><div class=\"fusion-layout-column fusion_builder_column fusion-builder-column-13 fusion_builder_column_1_2 1_2 fusion-flex-column\" style=\"--awb-bg-position:right center;--awb-bg-size:cover;--awb-width-large:50%;--awb-margin-top-large:0px;--awb-spacing-right-large:3.84%;--awb-margin-bottom-large:20px;--awb-spacing-left-large:3.84%;--awb-width-medium:100%;--awb-order-medium:0;--awb-spacing-right-medium:1.92%;--awb-spacing-left-medium:1.92%;--awb-width-small:100%;--awb-order-small:0;--awb-spacing-right-small:1.92%;--awb-spacing-left-small:1.92%;\"><div class=\"fusion-column-wrapper lazyload fusion-column-has-shadow fusion-flex-justify-content-flex-start fusion-content-layout-column fusion-empty-column-bg-image fusion-column-has-bg-image\" data-bg-url=\"https:\/\/justice-initiative.eu\/wp-content\/uploads\/2022\/04\/Romania.jpg\" data-bg=\"https:\/\/justice-initiative.eu\/wp-content\/uploads\/2022\/04\/Romania.jpg\"><img class=\"fusion-empty-dims-img-placeholder fusion-no-large-visibility\" src=\"data:image\/svg+xml,%3Csvg%20xmlns%3D%27http%3A%2F%2Fwww.w3.org%2F2000%2Fsvg%27%20width%3D%271080%27%20height%3D%271080%27%20viewBox%3D%270%200%201080%201080%27%3E%3Crect%20width%3D%271080%27%20height%3D%271080%27%20fill-opacity%3D%220%22%2F%3E%3C%2Fsvg%3E\"><\/div><\/div><div class=\"fusion-layout-column fusion_builder_column fusion-builder-column-14 fusion_builder_column_1_1 1_1 fusion-flex-column\" style=\"--awb-bg-size:cover;--awb-width-large:100%;--awb-margin-top-large:20px;--awb-spacing-right-large:1.92%;--awb-margin-bottom-large:20px;--awb-spacing-left-large:1.92%;--awb-width-medium:100%;--awb-order-medium:0;--awb-spacing-right-medium:1.92%;--awb-spacing-left-medium:1.92%;--awb-width-small:100%;--awb-order-small:0;--awb-spacing-right-small:1.92%;--awb-spacing-left-small:1.92%;\"><div class=\"fusion-column-wrapper fusion-column-has-shadow fusion-flex-justify-content-flex-start fusion-content-layout-column\"><div class=\"fusion-text fusion-text-10\"><p>\u00cen cuprinsul raportului men\u021bionat la \u00eenceput, la pagina 181, sunt men\u021bionate 41 de tipuri de tortur\u0103 (abuz) din anchete, din \u00eenchisori \u0219i din lag\u0103rele de exterminare. Unele dintre aceste forme de abuz erau folosite \u0219i \u00een casele de copii. O list\u0103 cu tipurile de violen\u021b\u0103 utilizate \u00een casele de copii (centrele de plasament) \u0219i \u00een c\u0103minele spital ar fi o dovad\u0103 c\u0103 imagina\u021bia violen\u021bilor de care d\u0103deau dovad\u0103 cei care torturau: umflatul botului, castana, perciuneala, bronzatul la neon, b\u0103tutul covoarelor la miezul nop\u021bii, sp\u0103latul toaletelor la miezul nop\u021bii, 500 de genuflexiuni, cu dulapul pe sc\u0103ri, b\u0103taia cu papucul la palm\u0103, tunsul \u00een scar\u0103 \u0219.m.a.<br \/>\nAcei ani mai relaxa\u021bi ai dictaturii lui Nicolae Ceau\u0219escu, adic\u0103 \u00een perioada cuprins\u0103 \u00eentre sf\u00e2r\u0219itul anilor 60 \u0219i \u00eenceputul anilor 70, se puneau bazele \u0219i se trasau limitele politico-morale ale fenomenului pe care \u00eel putem numi, pe urmele lui Alexandr Soljeni\u021b\u00een, Arhipeleagul Orfelinat. Acest imens spa\u021biu, cu cele peste 700 de institu\u021bii de \u00eengrijire a copiilor, cu zeci de mii de angaja\u021bi \u0219i cu peste 100.000 de copii la finalul regimului Ceau\u0219escu era, \u00een fapt, un laborator al experimentului social care era \u00een desf\u0103\u0219urare de decenii. Scopul acestui demers era crearea omului nou, a\u0219a cum \u00eel percepea regimul comunist: devotat total conduc\u0103torilor regimului \u0219i implicat \u00een construirea paradisului socialist. Dimensiunile umane exacte ale acestui mecanism institu\u021bional nu sunt cunoscute, deoarece statisticile rom\u00e2ne\u0219ti nu au fost niciodat\u0103 precise, \u00een acea epoc\u0103 \u00eenregistr\u00e2ndu-se nenum\u0103rate interven\u021bii asupra datelor generale ale societ\u0103\u021bii. O estimare prudent\u0103, bazat\u0103 pe datele existente, indic\u0103 faptul c\u0103 cel pu\u021bin 500.000 de copii au trecut prin institu\u021biile de protec\u021bie \u00een ultimii 75 ani.<br \/>\nDe-a lungul timpului, toate societ\u0103\u021bile au trecut prin evenimente istorice care au l\u0103sat \u00een urm\u0103 dosare sociale nerezolvate \u0219i un num\u0103r foarte mare de oameni traumatiza\u021bi. Una dintre temele cele mai delicate din orice societate este cea a situa\u021biei copiilor afla\u021bi \u00een grija statului. Pentru o lung\u0103 perioad\u0103, aceast\u0103 problem\u0103 a fost un subiect tabu, autorit\u0103\u021bile consider\u00e2nd c\u0103 este mai bine s\u0103 nu se vorbeasc\u0103 despre ea. Nicio societate, oric\u00e2t de avansat\u0103, nu a sc\u0103pat de ea. Irlanda, Norvegia, Marea Britanie \u0219i Australia, \u021b\u0103ri aflate \u00een avangarda lumii, au trecut prin procese ample de investigare \u0219i de recunoa\u0219tere a abuzurilor \u00eendurate de copiii \u00eengriji\u021bi \u00een institu\u021biile de stat. \u00cen aceste \u0163\u0103ri revendic\u0103rile asocia\u0163iilor formate din fo\u0219ti beneficiari ai sistemului de protec\u021bie sunt inclusiv de natur\u0103 financiar\u0103, prin programe de compensare (\u2018redress and compensation\u2019, \u00een limba englez\u0103) a celor care au fost abuza\u0163i.<br \/>\nAscunse opiniei publice pentru mult timp, abuzurile petrecute \u00een orfelinate\/case de copii\/centre de plasament au fost scoase la suprafa\u021b\u0103 prin intermediul investiga\u021biilor jurnalistice curajoase \u0219i al m\u0103rturiilor unor victime. Martorii \u0219i jurnali\u0219tii au dezv\u0103luit defec\u021biunile sistemului de protec\u021bie. A fi copil al statului \u00eensemna, \u00een fapt, al nim\u0103nui. Investigarea \u0219i recunoa\u0219terea abuzurilor nu \u00eenseamn\u0103, automat, c\u0103 fapte reprobabile nu se vor mai petrece, ci reprezint\u0103 o garan\u021bie simbolic\u0103 c\u0103 aceste fapte nu vor mai fi ascunse \u0219i c\u0103 cei care le-au comis vor fi tra\u0219i la r\u0103spundere.<\/p>\n<p>Copyright Daniel Ruc\u0103reanu<\/p>\n<\/div><div class=\"fusion-builder-row fusion-builder-row-inner fusion-row fusion-flex-align-items-stretch fusion-flex-content-wrap\" style=\"width:104% !important;max-width:104% !important;margin-left: calc(-4% \/ 2 );margin-right: calc(-4% \/ 2 );\"><div class=\"fusion-layout-column fusion_builder_column_inner fusion-builder-nested-column-0 fusion_builder_column_inner_1_1 1_1 fusion-flex-column\" style=\"--awb-bg-size:cover;--awb-width-large:100%;--awb-margin-top-large:20px;--awb-spacing-right-large:1.92%;--awb-margin-bottom-large:0px;--awb-spacing-left-large:1.92%;--awb-width-medium:100%;--awb-order-medium:0;--awb-spacing-right-medium:1.92%;--awb-spacing-left-medium:1.92%;--awb-width-small:100%;--awb-order-small:0;--awb-spacing-right-small:1.92%;--awb-spacing-left-small:1.92%;\"><div class=\"fusion-column-wrapper fusion-column-has-shadow fusion-flex-justify-content-flex-start fusion-content-layout-row\"><div ><a class=\"fusion-button button-flat fusion-button-default-size button-default fusion-button-default button-1 fusion-button-default-span fusion-button-default-type\" target=\"_self\" href=\"#\"><span class=\"fusion-button-text\">Link to your campaign<\/span><\/a><\/div><div ><a class=\"fusion-button button-flat fusion-button-default-size button-default fusion-button-default button-2 fusion-button-default-span fusion-button-default-type\" style=\"--button_margin-left:15px;\" target=\"_blank\" rel=\"noopener noreferrer\" href=\"mailto:romania@justice-initiative.eu\"><span class=\"fusion-button-text\">Contacta\u021bi-ne<\/span><\/a><\/div><\/div><\/div><\/div><\/div><\/div><\/div><\/div><div class=\"fusion-fullwidth fullwidth-box fusion-builder-row-8 fusion-flex-container has-pattern-background has-mask-background nonhundred-percent-fullwidth non-hundred-percent-height-scrolling\" style=\"--awb-border-radius-top-left:0px;--awb-border-radius-top-right:0px;--awb-border-radius-bottom-right:0px;--awb-border-radius-bottom-left:0px;--awb-padding-top:70px;--awb-padding-bottom:50px;--awb-background-color:var(--awb-custom13);--awb-flex-wrap:wrap;\" ><div class=\"fusion-builder-row fusion-row fusion-flex-align-items-flex-start fusion-flex-content-wrap\" style=\"max-width:1289.6px;margin-left: calc(-4% \/ 2 );margin-right: calc(-4% \/ 2 );\"><article class=\"fusion-layout-column fusion_builder_column fusion-builder-column-15 fusion_builder_column_1_3 1_3 fusion-flex-column\" style=\"--awb-bg-size:cover;--awb-width-large:33.333333333333%;--awb-margin-top-large:0px;--awb-spacing-right-large:5.76%;--awb-margin-bottom-large:20px;--awb-spacing-left-large:5.76%;--awb-width-medium:100%;--awb-order-medium:0;--awb-spacing-right-medium:1.92%;--awb-spacing-left-medium:1.92%;--awb-width-small:100%;--awb-order-small:0;--awb-spacing-right-small:1.92%;--awb-spacing-left-small:1.92%;\"><div class=\"fusion-column-wrapper fusion-column-has-shadow fusion-flex-justify-content-flex-start fusion-content-layout-column\"><div class=\"fusion-image-element \" style=\"--awb-aspect-ratio: 100 \/ 100;--awb-object-position:19% 33%;--awb-caption-title-font-family:var(--h2_typography-font-family);--awb-caption-title-font-weight:var(--h2_typography-font-weight);--awb-caption-title-font-style:var(--h2_typography-font-style);--awb-caption-title-size:var(--h2_typography-font-size);--awb-caption-title-transform:var(--h2_typography-text-transform);--awb-caption-title-line-height:var(--h2_typography-line-height);--awb-caption-title-letter-spacing:var(--h2_typography-letter-spacing);\"><span class=\" fusion-imageframe imageframe-none imageframe-2 hover-type-none has-aspect-ratio\"><img decoding=\"async\" width=\"214\" height=\"300\" title=\"DSCF7043_1\" src=\"https:\/\/justice-initiative.eu\/wp-content\/uploads\/2023\/01\/DSCF7043_1-1-scaled.jpg\" data-orig-src=\"https:\/\/justice-initiative.eu\/wp-content\/uploads\/2023\/01\/DSCF7043_1-1-214x300.jpg\" class=\"lazyload img-responsive wp-image-9857 img-with-aspect-ratio\" alt srcset=\"data:image\/svg+xml,%3Csvg%20xmlns%3D%27http%3A%2F%2Fwww.w3.org%2F2000%2Fsvg%27%20width%3D%271372%27%20height%3D%271920%27%20viewBox%3D%270%200%201372%201920%27%3E%3Crect%20width%3D%271372%27%20height%3D%271920%27%20fill-opacity%3D%220%22%2F%3E%3C%2Fsvg%3E\" data-srcset=\"https:\/\/justice-initiative.eu\/wp-content\/uploads\/2023\/01\/DSCF7043_1-1-200x280.jpg 200w, https:\/\/justice-initiative.eu\/wp-content\/uploads\/2023\/01\/DSCF7043_1-1-400x560.jpg 400w, https:\/\/justice-initiative.eu\/wp-content\/uploads\/2023\/01\/DSCF7043_1-1-600x840.jpg 600w, https:\/\/justice-initiative.eu\/wp-content\/uploads\/2023\/01\/DSCF7043_1-1-800x1120.jpg 800w, https:\/\/justice-initiative.eu\/wp-content\/uploads\/2023\/01\/DSCF7043_1-1-1200x1679.jpg 1200w, https:\/\/justice-initiative.eu\/wp-content\/uploads\/2023\/01\/DSCF7043_1-1-scaled.jpg 1372w\" data-sizes=\"auto\" data-orig-sizes=\"(max-width: 1100px) 100vw, (max-width: 812px) 100vw, 400px\" \/><\/span><\/div><div class=\"fusion-text fusion-text-11\" style=\"--awb-text-color:var(--awb-color5);\"><p>Fotografie realizat\u0103 de Simone Padovani<\/p>\n<\/div><\/div><\/article><div class=\"fusion-layout-column fusion_builder_column fusion-builder-column-16 fusion_builder_column_2_3 2_3 fusion-flex-column\" style=\"--awb-bg-size:cover;--awb-width-large:66.666666666667%;--awb-margin-top-large:0px;--awb-spacing-right-large:2.88%;--awb-margin-bottom-large:20px;--awb-spacing-left-large:2.88%;--awb-width-medium:100%;--awb-order-medium:0;--awb-spacing-right-medium:1.92%;--awb-spacing-left-medium:1.92%;--awb-width-small:100%;--awb-order-small:0;--awb-spacing-right-small:1.92%;--awb-spacing-left-small:1.92%;\"><div class=\"fusion-column-wrapper fusion-column-has-shadow fusion-flex-justify-content-flex-start fusion-content-layout-column\"><div class=\"fusion-title title fusion-title-7 fusion-sep-none fusion-title-text fusion-title-size-two\" style=\"--awb-text-color:#ffffff;\"><h2 class=\"fusion-title-heading title-heading-left\" style=\"margin:0;\">M\u0103rturie S\u00eermanca Fekete<\/h2><\/div><div class=\"fusion-separator\" style=\"align-self: flex-start;margin-right:auto;margin-top:0px;margin-bottom:40px;width:100%;max-width:200px;\"><div class=\"fusion-separator-border sep-single sep-solid\" style=\"--awb-height:20px;--awb-amount:20px;--awb-sep-color:#fec96b;border-color:#fec96b;border-top-width:3px;\"><\/div><\/div><div class=\"fusion-text fusion-text-12\" style=\"--awb-text-color:var(--awb-color1);\"><p style=\"text-align: left;\">M\u0103rturia pe care S\u00eermanca Fekete, reprezentanta Rom\u00e2niei, a relatat-o \u00een fa\u021ba <span style=\"color: var(--awb-color6);\"><b>Consiliului Europei<\/b><\/span> \u00een sprijinul mo\u021biunii \u00eenaintate de Justice Initiative. Mai multe despre experien\u021bele tr\u0103ite de S\u00eermanca la Cighid g\u0103si\u021bi \u00een reportajul <span style=\"color: var(--awb-color6);\"><b><a href=\"https:\/\/www.youtube.com\/watch?v=SH2lnBw7MgE&amp;ab_channel=EuronewsRomania\">Euronews<\/a>.<\/b><\/span><\/p>\n<p style=\"text-align: left;\">,,Bun\u0103 ziua! Numele meu este Sirmanca Fekete din Rom\u00e2nia. Am 37 de ani \u0219i sunt mama a 2 copii pe care \u00eei cresc singur\u0103. Ei sunt singura mea m\u00e2ndrie \u0219i motivul pentru care tr\u0103iesc.<\/p>\n<p>Povestea mea \u00eencepe \u00een timpul comunismului lui Ceau\u0219escu. \u00cen 1988, c\u00e2nd aveam 3 ani, am fost dus\u0103 \u00eentr-un c\u0103min pentru persoane cu handicap, de\u0219i nu eram deloc handicapat\u0103. Eram doar pu\u021bin mai slab\u0103 dec\u00e2t al\u021bi copii de v\u00e2rsta mea. Dar Ceau\u0219escu vroia o \u021bar\u0103 plin\u0103 de copii puternici \u0219i s\u0103n\u0103to\u0219i. Cei care p\u0103reau slabi nu erau considera\u021bi folositori \u0219i, astfel, erau trimi\u0219i \u00een institu\u021bii ca s\u0103 murim.<\/p>\n<p>Aceast\u0103 institu\u021bie numit\u0103 Cighid, cu aproape 100 de copii, era de fapt un leag\u0103n al mor\u021bii. Nimeni nu ne \u021binea \u00een bra\u021be \u0219i nu se jucau cu noi. Ne leg\u0103nam singuri \u00eenainte \u0219i \u00eenapoi. Asistentele nu ne d\u0103deau haine, eram dezbr\u0103ca\u021bi, nu exista \u00eenc\u0103lzire, primeam doar pu\u021bin\u0103 m\u00e2ncare foarte rea \u0219i eram l\u0103sa\u021bi \u00een \u00eentuneric \u00eempreun\u0103 cu \u0219obolanii care ne m\u00e2ncau de vii. O amintire ur\u00e2t\u0103 pe care o am este aceea c\u0103 noi, copiii, pl\u00e2ngeam mult pentru c\u0103 asistentele ne l\u0103sau goi \u00een paturi pline cu urina noastr\u0103 \u0219i \u00een fecalele noastre. Mul\u021bi dintre noi au fost, de asemenea, b\u0103tu\u021bi si viola\u021bi de o parte din personal, iar noi eram prea mici ca s\u0103 ne ap\u0103r\u0103m singuri. Asta s-a \u00eent\u00e2mplat acum 33 de ani, dar \u0219i ast\u0103zi am co\u0219maruri \u0219i mi-e foarte fric\u0103 de \u00eentuneric. Fiica mea m\u0103 treze\u0219te noaptea \u0219i \u00eemi spune c\u0103 strig &#8222;nu m\u0103 bate\u021bi&#8221;.<\/p>\n<p>Am fost salva\u021bi dup\u0103 3 ani, la revolu\u021bie, c\u00e2nd s-a schimbat directorul de la Cighid \u0219i a venit domnul Oancea Pavel. De atunci copiii nu au mai murit.<\/p>\n<p>Din pacate felul \u00een care s-au purtat cu mine m\u0103 afecteaz\u0103 p\u00e2n\u0103 ast\u0103zi. Pentru c\u0103 nimeni nu s-a ocupat niciodat\u0103 de mine, am dificult\u0103\u021bi \u00een via\u021ba mea. Am probleme \u00een a avea \u00eencredere \u00een oameni \u0219i nu \u00eemi fac u\u0219or prieteni. Am probleme financiare, iar recent m-au amenin\u021bat c\u0103 \u00eemi taie curentul \u0219i c\u0103 m\u0103 dau afar\u0103 din apartamentul social \u00een care locuim. Iar c\u00e2nd so\u021bul meu m-a p\u0103r\u0103sit \u00een urm\u0103 cu 1 an, am intrat in depresie si am \u00eencercat s\u0103 m\u0103 sinucid pentru c\u0103 \u00eenc\u0103 o dat\u0103 m-am sim\u021bit abandonat\u0103.<\/p>\n<p>Recent am aflat c\u0103 fosta directoare a institu\u021biei din perioada comunist\u0103 \u00eenc\u0103 lucreaz\u0103 ca medic. Nu se simte vinovat\u0103, nu \u00eei pare r\u0103u pentru ce a f\u0103cut \u0219i nimeni nu face nimic. Aproape o jum\u0103tate de milion de copii au fost \u00een astfel de institu\u021bii \u0219i nimeni nu \u0219tie c\u00e2\u021bi dintre ei au murit sau dac\u0103 au nevoie de ajutor. De aceea este at\u00e2t de important s\u0103 reevalu\u0103m istoria \u0219i s\u0103 oferim suport victimelor ca mine. Dar din p\u0103cate mi-e fric\u0103 ca \u00een continuare nu se va face nimic de c\u0103tre statul roman. A\u0219a c\u0103 v\u0103 rog pe voi, cei din sal\u0103 care sunte\u021bi rom\u00e2ni s\u0103 ne ajuta\u021bi.<\/p>\n<p>La Cighid au murit 138 de copii \u00een 2 ani din cauza lipsei m\u00e2nc\u0103rii \u0219i a infec\u021biilor. Uneori m\u0103 duc s\u0103-i vizitez la cimitir \u0219i m\u0103 \u00eentreb de ce m-a salvat Dumnezeu tocmai pe mine. Dar sunt foarte bucuroas\u0103 c\u0103 sunt o supravie\u021buitoare \u0219i \u0219tiu c\u0103 \u00eentr-o zi vreau s\u0103 fiu \u00eengropat\u0103 \u00een acela\u0219i loc, pentru a fi pentru totdeauna al\u0103turi de prietenii mei.\u2019\u2019<\/p>\n<\/div><\/div><\/div><\/div><\/div><div class=\"fusion-fullwidth fullwidth-box fusion-builder-row-9 fusion-flex-container has-pattern-background has-mask-background fusion-parallax-fixed nonhundred-percent-fullwidth non-hundred-percent-height-scrolling lazyload\" style=\"--awb-background-blend-mode:darken;--awb-border-sizes-top:0px;--awb-border-sizes-bottom:0px;--awb-border-sizes-left:0px;--awb-border-sizes-right:0px;--awb-border-radius-top-left:0px;--awb-border-radius-top-right:0px;--awb-border-radius-bottom-right:0px;--awb-border-radius-bottom-left:0px;--awb-padding-top:70px;--awb-padding-bottom:50px;--awb-background-color:rgba(0,0,0,0.8);--awb-background-size:cover;--awb-flex-wrap:wrap;background-attachment:fixed;\" data-bg=\"https:\/\/justice-initiative.eu\/wp-content\/uploads\/2022\/09\/Header-4.jpg\" ><div class=\"fusion-builder-row fusion-row fusion-flex-align-items-flex-end fusion-flex-content-wrap\" style=\"max-width:1289.6px;margin-left: calc(-4% \/ 2 );margin-right: calc(-4% \/ 2 );\"><div class=\"fusion-layout-column fusion_builder_column fusion-builder-column-17 fusion_builder_column_1_1 1_1 fusion-flex-column\" style=\"--awb-bg-size:cover;--awb-width-large:100%;--awb-margin-top-large:0px;--awb-spacing-right-large:1.92%;--awb-margin-bottom-large:0px;--awb-spacing-left-large:1.92%;--awb-width-medium:100%;--awb-order-medium:0;--awb-spacing-right-medium:1.92%;--awb-spacing-left-medium:1.92%;--awb-width-small:100%;--awb-order-small:0;--awb-spacing-right-small:1.92%;--awb-spacing-left-small:1.92%;\"><div class=\"fusion-column-wrapper fusion-column-has-shadow fusion-flex-justify-content-flex-start fusion-content-layout-column\"><div class=\"fusion-title title fusion-title-8 fusion-sep-none fusion-title-text fusion-title-size-two\" style=\"--awb-text-color:var(--awb-color1);\"><h2 class=\"fusion-title-heading title-heading-left\" style=\"margin:0;line-height:1;\">Articole pres\u0103<\/h2><\/div><div class=\"fusion-text fusion-text-13 fusion-text-no-margin\" style=\"--awb-text-color:var(--awb-color1);--awb-margin-bottom:40px;\"><p>Afla\u021bi cele mai recente \u0219tiri despre Ini\u021biativa pentru justi\u021bie.<\/p>\n<\/div><div class=\"fusion-separator\" style=\"align-self: flex-start;margin-right:auto;margin-top:0px;margin-bottom:40px;width:100%;max-width:200px;\"><div class=\"fusion-separator-border sep-single sep-solid\" style=\"--awb-height:20px;--awb-amount:20px;--awb-sep-color:#fec96b;border-color:#fec96b;border-top-width:3px;\"><\/div><\/div><\/div><\/div><div class=\"fusion-layout-column fusion_builder_column fusion-builder-column-18 fusion_builder_column_1_4 1_4 fusion-flex-column\" style=\"--awb-bg-size:cover;--awb-width-large:25%;--awb-margin-top-large:0px;--awb-spacing-right-large:7.68%;--awb-margin-bottom-large:20px;--awb-spacing-left-large:7.68%;--awb-width-medium:33.333333333333%;--awb-order-medium:0;--awb-spacing-right-medium:5.76%;--awb-spacing-left-medium:5.76%;--awb-width-small:50%;--awb-order-small:0;--awb-spacing-right-small:3.84%;--awb-spacing-left-small:3.84%;\"><div class=\"fusion-column-wrapper fusion-column-has-shadow fusion-flex-justify-content-flex-start fusion-content-layout-column\"><div class=\"fusion-text fusion-text-14\" style=\"--awb-text-color:var(--awb-color1);\"><p><i class=\"fas fa-globe\"><\/i> <a href=\"https:\/\/romaniaresponsabila.ro\/fondatorul-justice-initiative-realizeaza-prima-vizita-oficiala-in-romania\" target=\"_blank\" rel=\"noopener\">romaniaresponsabila.ro<\/a><\/p>\n<\/div><\/div><\/div><div class=\"fusion-layout-column fusion_builder_column fusion-builder-column-19 fusion_builder_column_1_4 1_4 fusion-flex-column\" style=\"--awb-bg-size:cover;--awb-width-large:25%;--awb-margin-top-large:0px;--awb-spacing-right-large:7.68%;--awb-margin-bottom-large:20px;--awb-spacing-left-large:7.68%;--awb-width-medium:33.333333333333%;--awb-order-medium:0;--awb-spacing-right-medium:5.76%;--awb-spacing-left-medium:5.76%;--awb-width-small:50%;--awb-order-small:0;--awb-spacing-right-small:3.84%;--awb-spacing-left-small:3.84%;\"><div class=\"fusion-column-wrapper fusion-column-has-shadow fusion-flex-justify-content-flex-start fusion-content-layout-column\"><div class=\"fusion-text fusion-text-15\" style=\"--awb-text-color:var(--awb-color1);\"><p><i class=\"fas fa-globe\"><\/i> <a href=\"https:\/\/www.galasocietatiicivile.ro\/stiri\/apararea-drepturilor-individuale-colective\/guido-fluri-fondatorul-celei-mai-ample-ini-iative-europene-de-recunoa-tere-a-abuzurilor-impotriva-copiilor-a-realizat-prima-vizita-oficiala-in-romania-22975.html\" target=\"_blank\" rel=\"noopener\">galasocietatiicivile.ro<\/a><\/p>\n<\/div><\/div><\/div><div class=\"fusion-layout-column fusion_builder_column fusion-builder-column-20 fusion_builder_column_1_4 1_4 fusion-flex-column\" style=\"--awb-bg-size:cover;--awb-width-large:25%;--awb-margin-top-large:0px;--awb-spacing-right-large:7.68%;--awb-margin-bottom-large:20px;--awb-spacing-left-large:7.68%;--awb-width-medium:33.333333333333%;--awb-order-medium:0;--awb-spacing-right-medium:5.76%;--awb-spacing-left-medium:5.76%;--awb-width-small:50%;--awb-order-small:0;--awb-spacing-right-small:3.84%;--awb-spacing-left-small:3.84%;\"><div class=\"fusion-column-wrapper fusion-column-has-shadow fusion-flex-justify-content-flex-start fusion-content-layout-column\"><div class=\"fusion-text fusion-text-16\" style=\"--awb-text-color:var(--awb-color1);\"><p><i class=\"fas fa-globe\"><\/i> <a href=\"http:\/\/www.romaniapozitiva.ro\/implica-te\/guido-fluri-fondatorul-celei-mai-ample-initiative-europene-de-recunoastere-a-abuzurilor-impotriva-copiilor-a-realizat-prima-vizita-oficiala-in-romania\/\" target=\"_blank\" rel=\"noopener\">romaniapozitiva.ro<\/a><\/p>\n<\/div><\/div><\/div><div class=\"fusion-layout-column fusion_builder_column fusion-builder-column-21 fusion_builder_column_1_4 1_4 fusion-flex-column\" style=\"--awb-bg-size:cover;--awb-width-large:25%;--awb-margin-top-large:0px;--awb-spacing-right-large:7.68%;--awb-margin-bottom-large:20px;--awb-spacing-left-large:7.68%;--awb-width-medium:33.333333333333%;--awb-order-medium:0;--awb-spacing-right-medium:5.76%;--awb-spacing-left-medium:5.76%;--awb-width-small:50%;--awb-order-small:0;--awb-spacing-right-small:3.84%;--awb-spacing-left-small:3.84%;\"><div class=\"fusion-column-wrapper fusion-column-has-shadow fusion-flex-justify-content-flex-start fusion-content-layout-column\"><div class=\"fusion-text fusion-text-17\" style=\"--awb-text-color:var(--awb-color1);\"><p><i class=\"fas fa-globe\"><\/i> <a href=\"https:\/\/www.g4media.ro\/o-romanca-depune-marturie-la-consiliul-europei-despre-traumele-traite-in-orfelinatele-comuniste-se-cer-investigatii-independente-in-toate-statele-ue-privind-incalcarea-drepturilor-copilului.html?fbclid=IwAR0u2O7qWjSavOA16sKVnD2a3WiSNf76GEq0wzpj1wrKbX1TFpCEhfLLGI4\" target=\"_blank\" rel=\"noopener\">g4media.ro<\/a><\/p>\n<\/div><\/div><\/div><div class=\"fusion-layout-column fusion_builder_column fusion-builder-column-22 fusion_builder_column_1_4 1_4 fusion-flex-column\" style=\"--awb-bg-size:cover;--awb-width-large:25%;--awb-margin-top-large:0px;--awb-spacing-right-large:7.68%;--awb-margin-bottom-large:20px;--awb-spacing-left-large:7.68%;--awb-width-medium:33.333333333333%;--awb-order-medium:0;--awb-spacing-right-medium:5.76%;--awb-spacing-left-medium:5.76%;--awb-width-small:50%;--awb-order-small:0;--awb-spacing-right-small:3.84%;--awb-spacing-left-small:3.84%;\"><div class=\"fusion-column-wrapper fusion-column-has-shadow fusion-flex-justify-content-flex-start fusion-content-layout-column\"><div class=\"fusion-text fusion-text-18\" style=\"--awb-text-color:var(--awb-color1);\"><p><i class=\"fas fa-globe\"><\/i> <a href=\"https:\/\/www.libertatea.ro\/stiri\/supravietuitoarea-lagarului-de-copii-de-la-cighid-care-a-depus-marturie-la-consiliul-europei-asteapta-de-30-de-ani-sa-se-faca-dreptate-am-fost-batuti-maltratati-muscati-de-sobolani-4311839?fbclid=IwAR0Wjs1tA2DR6KD5P6RAe3kHF9Y0Rx_K5sbeiWL38XAhsw5vyQoMaTO5iIU\" target=\"_blank\" rel=\"noopener\">libertatea.ro<\/a><\/p>\n<\/div><\/div><\/div><div class=\"fusion-layout-column fusion_builder_column fusion-builder-column-23 fusion_builder_column_1_4 1_4 fusion-flex-column\" style=\"--awb-bg-size:cover;--awb-width-large:25%;--awb-margin-top-large:0px;--awb-spacing-right-large:7.68%;--awb-margin-bottom-large:20px;--awb-spacing-left-large:7.68%;--awb-width-medium:33.333333333333%;--awb-order-medium:0;--awb-spacing-right-medium:5.76%;--awb-spacing-left-medium:5.76%;--awb-width-small:50%;--awb-order-small:0;--awb-spacing-right-small:3.84%;--awb-spacing-left-small:3.84%;\"><div class=\"fusion-column-wrapper fusion-column-has-shadow fusion-flex-justify-content-flex-start fusion-content-layout-column\"><div class=\"fusion-text fusion-text-19\" style=\"--awb-text-color:var(--awb-color1);\"><p><i class=\"fas fa-globe\"><\/i> <a href=\"https:\/\/adevarul.ro\/stiri-locale\/oradea\/marturia-unicei-supravietuitoare-din-orfelinatul-2215866.html?fbclid=IwAR0Wjs1tA2DR6KD5P6RAe3kHF9Y0Rx_K5sbeiWL38XAhsw5vyQoMaTO5iIU\" target=\"_blank\" rel=\"noopener\">adevarul.ro<\/a><\/p>\n<\/div><\/div><\/div><div class=\"fusion-layout-column fusion_builder_column fusion-builder-column-24 fusion_builder_column_1_4 1_4 fusion-flex-column\" style=\"--awb-bg-size:cover;--awb-width-large:25%;--awb-margin-top-large:0px;--awb-spacing-right-large:7.68%;--awb-margin-bottom-large:20px;--awb-spacing-left-large:7.68%;--awb-width-medium:33.333333333333%;--awb-order-medium:0;--awb-spacing-right-medium:5.76%;--awb-spacing-left-medium:5.76%;--awb-width-small:50%;--awb-order-small:0;--awb-spacing-right-small:3.84%;--awb-spacing-left-small:3.84%;\"><div class=\"fusion-column-wrapper fusion-column-has-shadow fusion-flex-justify-content-flex-start fusion-content-layout-column\"><div class=\"fusion-text fusion-text-20\" style=\"--awb-text-color:var(--awb-color1);\"><p><i class=\"fas fa-globe\"><\/i> <a href=\"https:\/\/presshub.ro\/crimele-din-orfelinatele-romaniei-incluse-intr-o-initiativa-europeana-ce-urmeaza-247361\/?fbclid=IwAR1JF4u7v6F2JapZlzttvxywpZ9qLueGUcH1InMwbNXCqFzllORR06F5w0o\" target=\"_blank\" rel=\"noopener\">presshub.ro<\/a><\/p>\n<\/div><\/div><\/div><div class=\"fusion-layout-column fusion_builder_column fusion-builder-column-25 fusion_builder_column_1_4 1_4 fusion-flex-column\" style=\"--awb-bg-size:cover;--awb-width-large:25%;--awb-margin-top-large:0px;--awb-spacing-right-large:7.68%;--awb-margin-bottom-large:20px;--awb-spacing-left-large:7.68%;--awb-width-medium:33.333333333333%;--awb-order-medium:0;--awb-spacing-right-medium:5.76%;--awb-spacing-left-medium:5.76%;--awb-width-small:50%;--awb-order-small:0;--awb-spacing-right-small:3.84%;--awb-spacing-left-small:3.84%;\"><div class=\"fusion-column-wrapper fusion-column-has-shadow fusion-flex-justify-content-flex-start fusion-content-layout-column\"><div class=\"fusion-text fusion-text-21\" style=\"--awb-text-color:var(--awb-color1);\"><p><i class=\"fas fa-globe\"><\/i> <a href=\"https:\/\/www.ebihoreanul.ro\/stiri\/toti-pentru-sirmanca-viata-supravietuitoarei-lagarului-de-la-cighid-incepe-sa-se-schimbe-cu-ajutorul-cititorilor-bihoreanului-175034.html?fbclid=IwAR0u2O7qWjSavOA16sKVnD2a3WiSNf76GEq0wzpj1wrKbX1TFpCEhfLLGI4#comments\" target=\"_blank\" rel=\"noopener\">ebihoreanul.ro<\/a><\/p>\n<\/div><\/div><\/div><div class=\"fusion-layout-column fusion_builder_column fusion-builder-column-26 fusion_builder_column_1_4 1_4 fusion-flex-column\" style=\"--awb-bg-size:cover;--awb-width-large:25%;--awb-margin-top-large:0px;--awb-spacing-right-large:7.68%;--awb-margin-bottom-large:20px;--awb-spacing-left-large:7.68%;--awb-width-medium:33.333333333333%;--awb-order-medium:0;--awb-spacing-right-medium:5.76%;--awb-spacing-left-medium:5.76%;--awb-width-small:50%;--awb-order-small:0;--awb-spacing-right-small:3.84%;--awb-spacing-left-small:3.84%;\"><div class=\"fusion-column-wrapper fusion-column-has-shadow fusion-flex-justify-content-flex-start fusion-content-layout-column\"><div class=\"fusion-text fusion-text-22\" style=\"--awb-text-color:var(--awb-color1);\"><p><i class=\"fas fa-globe\"><\/i> <a href=\"https:\/\/www.dor.ro\/fantomele-adoptiilor-internationale\/\" target=\"_blank\" rel=\"noopener\">dor.ro<\/a><\/p>\n<\/div><\/div><\/div><\/div><\/div><div class=\"fusion-fullwidth fullwidth-box fusion-builder-row-10 fusion-flex-container has-pattern-background has-mask-background nonhundred-percent-fullwidth non-hundred-percent-height-scrolling\" style=\"--awb-border-radius-top-left:0px;--awb-border-radius-top-right:0px;--awb-border-radius-bottom-right:0px;--awb-border-radius-bottom-left:0px;--awb-padding-top:70px;--awb-padding-bottom:70px;--awb-flex-wrap:wrap;\" ><div class=\"fusion-builder-row fusion-row fusion-flex-align-items-stretch fusion-flex-content-wrap\" style=\"max-width:1289.6px;margin-left: calc(-4% \/ 2 );margin-right: calc(-4% \/ 2 );\"><div class=\"fusion-layout-column fusion_builder_column fusion-builder-column-27 fusion_builder_column_1_2 1_2 fusion-flex-column\" style=\"--awb-bg-size:cover;--awb-width-large:50%;--awb-margin-top-large:0px;--awb-spacing-right-large:3.84%;--awb-margin-bottom-large:20px;--awb-spacing-left-large:3.84%;--awb-width-medium:100%;--awb-order-medium:0;--awb-spacing-right-medium:1.92%;--awb-spacing-left-medium:1.92%;--awb-width-small:100%;--awb-order-small:0;--awb-spacing-right-small:1.92%;--awb-spacing-left-small:1.92%;\"><div class=\"fusion-column-wrapper fusion-column-has-shadow fusion-flex-justify-content-flex-start fusion-content-layout-column\"><div class=\"fusion-title title fusion-title-9 fusion-sep-none fusion-title-text fusion-title-size-two\"><h2 class=\"fusion-title-heading title-heading-left\" style=\"margin:0;line-height:1;\">Nout\u0103\u021bi despre expozi\u021bie<\/h2><\/div><div class=\"fusion-separator\" style=\"align-self: flex-start;margin-right:auto;margin-top:0px;margin-bottom:40px;width:100%;max-width:200px;\"><div class=\"fusion-separator-border sep-single sep-solid\" style=\"--awb-height:20px;--awb-amount:20px;--awb-sep-color:#fec96b;border-color:#fec96b;border-top-width:3px;\"><\/div><\/div><div class=\"fusion-text fusion-text-23 fusion-text-no-margin\" style=\"--awb-margin-bottom:40px;\"><p>Una din modalit\u0103\u021bile de a spori vizibilitate acestui demers interna\u021bional este prin intermediul expozi\u021biei SHAME &#8211; European Stories, care reune\u0219te 100 de chipuri \u0219i pove\u0219tile lor despre abuzurile personale tr\u0103ite \u00een copil\u0103rie. Simone Padovani, jurnalist \u0219i fotograf premiat interna\u021bional, a c\u0103l\u0103torit \u00een 19 \u021b\u0103ri din Europa \u0219i a colectat istorisiri de via\u021b\u0103 ale victimelor. Astfel, expozi\u021bia include zeci de fotografii cu persoane care au experimentat diferite forme de abuz \u00een copil\u0103rie, din \u021b\u0103ri precum Fran\u021ba, Italia, Germania, Elve\u021bia, Irlanda, Spania, Grecia, Slovenia, Belgia, Kosovo, Polonia, Finlanda, Olanda, Austria, Norvegia, Rom\u00e2nia, Portugalia, Suedia, Danemarca &#8211; \u021b\u0103ri cu istorii \u0219i contexte de via\u021b\u0103 diferite, dar care de zeci de ani au \u00een comun nedreptatea \u0219i durerea faptelor de abuz asupra copiilor.<\/p>\n<p>\u00cen 2022 expozi\u021bia a fost lansat\u0103 c\u0103tre publicul larg prin vernisajul din cadrul Bienalei de la Vene\u021bia.<\/p>\n<p><strong>Expozi\u021bia itinerant\u0103 ajunge \u00een Bucure\u0219ti, \u00een perioada 15 februarie-15 martie 2023. Pove\u0219tile \u0219i portretele supravie\u021buitorilor vor fi expuse \u00een sta\u021bia de metrou Pia\u021ba Unirii 1, cea mai circulat\u0103 sta\u021bie de metrou din capital\u0103.<\/strong><\/p>\n<p>Urm\u0103toarele opriri ale Expozi\u021biei SHAME- European Stories sunt \u00een Roma, Bilbao, Paris \u0219i Koln.<\/p>\n<\/div><div class=\"fusion-builder-row fusion-builder-row-inner fusion-row fusion-flex-align-items-stretch fusion-flex-content-wrap\" style=\"width:104% !important;max-width:104% !important;margin-left: calc(-4% \/ 2 );margin-right: calc(-4% \/ 2 );\"><div class=\"fusion-layout-column fusion_builder_column_inner fusion-builder-nested-column-1 fusion_builder_column_inner_1_1 1_1 fusion-flex-column\" style=\"--awb-bg-size:cover;--awb-width-large:100%;--awb-margin-top-large:20px;--awb-spacing-right-large:1.92%;--awb-margin-bottom-large:0px;--awb-spacing-left-large:1.92%;--awb-width-medium:100%;--awb-order-medium:0;--awb-spacing-right-medium:1.92%;--awb-spacing-left-medium:1.92%;--awb-width-small:100%;--awb-order-small:0;--awb-spacing-right-small:1.92%;--awb-spacing-left-small:1.92%;\"><div class=\"fusion-column-wrapper fusion-column-has-shadow fusion-flex-justify-content-flex-start fusion-content-layout-row\"><div ><a class=\"fusion-button button-flat fusion-button-default-size button-default fusion-button-default button-3 fusion-button-default-span fusion-button-default-type\" target=\"_self\" href=\"#\"><span class=\"fusion-button-text\">Link to your campaign<\/span><\/a><\/div><div ><a class=\"fusion-button button-flat fusion-button-default-size button-default fusion-button-default button-4 fusion-button-default-span fusion-button-default-type\" style=\"--button_margin-left:15px;\" target=\"_blank\" rel=\"noopener noreferrer\" href=\"mailto:romania@justice-initiative.eu\"><span class=\"fusion-button-text\">Contacta\u021bi-ne<\/span><\/a><\/div><\/div><\/div><\/div><\/div><\/div><div class=\"fusion-layout-column fusion_builder_column fusion-builder-column-28 fusion_builder_column_1_2 1_2 fusion-flex-column\" style=\"--awb-bg-position:center center;--awb-bg-size:cover;--awb-width-large:50%;--awb-margin-top-large:0px;--awb-spacing-right-large:3.84%;--awb-margin-bottom-large:20px;--awb-spacing-left-large:3.84%;--awb-width-medium:100%;--awb-order-medium:0;--awb-spacing-right-medium:1.92%;--awb-spacing-left-medium:1.92%;--awb-width-small:100%;--awb-order-small:0;--awb-spacing-right-small:1.92%;--awb-spacing-left-small:1.92%;\"><div class=\"fusion-column-wrapper lazyload fusion-column-has-shadow fusion-flex-justify-content-flex-start fusion-content-layout-column fusion-empty-column-bg-image fusion-column-has-bg-image\" data-bg-url=\"https:\/\/justice-initiative.eu\/wp-content\/uploads\/2022\/08\/cropped-Immagine-header.jpg\" data-bg=\"https:\/\/justice-initiative.eu\/wp-content\/uploads\/2022\/08\/cropped-Immagine-header.jpg\"><img class=\"fusion-empty-dims-img-placeholder fusion-no-large-visibility\" src=\"data:image\/svg+xml,%3Csvg%20xmlns%3D%27http%3A%2F%2Fwww.w3.org%2F2000%2Fsvg%27%20width%3D%271920%27%20height%3D%27963%27%20viewBox%3D%270%200%201920%20963%27%3E%3Crect%20width%3D%271920%27%20height%3D%27963%27%20fill-opacity%3D%220%22%2F%3E%3C%2Fsvg%3E\"><\/div><\/div><\/div><\/div><div class=\"fusion-fullwidth fullwidth-box fusion-builder-row-11 fusion-flex-container has-pattern-background has-mask-background fusion-parallax-fixed nonhundred-percent-fullwidth non-hundred-percent-height-scrolling lazyload\" style=\"--awb-background-blend-mode:darken;--awb-border-sizes-top:0px;--awb-border-sizes-bottom:0px;--awb-border-sizes-left:0px;--awb-border-sizes-right:0px;--awb-border-radius-top-left:0px;--awb-border-radius-top-right:0px;--awb-border-radius-bottom-right:0px;--awb-border-radius-bottom-left:0px;--awb-padding-top:70px;--awb-padding-bottom:50px;--awb-background-color:rgba(0,0,0,0.8);--awb-background-size:cover;--awb-flex-wrap:wrap;background-attachment:fixed;\" data-bg=\"https:\/\/justice-initiative.eu\/wp-content\/uploads\/2022\/09\/Header-4.jpg\" ><div class=\"fusion-builder-row fusion-row fusion-flex-align-items-flex-start fusion-flex-content-wrap\" style=\"max-width:1289.6px;margin-left: calc(-4% \/ 2 );margin-right: calc(-4% \/ 2 );\"><div class=\"fusion-layout-column fusion_builder_column fusion-builder-column-29 fusion_builder_column_1_1 1_1 fusion-flex-column\" style=\"--awb-bg-size:cover;--awb-width-large:100%;--awb-margin-top-large:0px;--awb-spacing-right-large:1.92%;--awb-margin-bottom-large:0px;--awb-spacing-left-large:1.92%;--awb-width-medium:100%;--awb-order-medium:0;--awb-spacing-right-medium:1.92%;--awb-spacing-left-medium:1.92%;--awb-width-small:100%;--awb-order-small:0;--awb-spacing-right-small:1.92%;--awb-spacing-left-small:1.92%;\"><div class=\"fusion-column-wrapper fusion-column-has-shadow fusion-flex-justify-content-flex-start fusion-content-layout-column\"><div class=\"fusion-title title fusion-title-10 fusion-sep-none fusion-title-text fusion-title-size-two\" style=\"--awb-text-color:var(--awb-color1);\"><h2 class=\"fusion-title-heading title-heading-left\" style=\"margin:0;line-height:1;\">Ascult\u0103 vocile supravie\u021buitorilor abuzurilor din Rom\u00e2nia<\/h2><\/div><div class=\"fusion-separator\" style=\"align-self: flex-start;margin-right:auto;margin-top:0px;margin-bottom:40px;width:100%;max-width:200px;\"><div class=\"fusion-separator-border sep-single sep-solid\" style=\"--awb-height:20px;--awb-amount:20px;--awb-sep-color:#fec96b;border-color:#fec96b;border-top-width:3px;\"><\/div><\/div><\/div><\/div><div class=\"fusion-layout-column fusion_builder_column fusion-builder-column-30 fusion_builder_column_1_2 1_2 fusion-flex-column\" style=\"--awb-bg-size:cover;--awb-width-large:50%;--awb-margin-top-large:0px;--awb-spacing-right-large:3.84%;--awb-margin-bottom-large:20px;--awb-spacing-left-large:3.84%;--awb-width-medium:100%;--awb-order-medium:0;--awb-spacing-right-medium:1.92%;--awb-spacing-left-medium:1.92%;--awb-width-small:100%;--awb-order-small:0;--awb-spacing-right-small:1.92%;--awb-spacing-left-small:1.92%;\"><div class=\"fusion-column-wrapper fusion-column-has-shadow fusion-flex-justify-content-flex-start fusion-content-layout-column\"><div class=\"fusion-video fusion-youtube\" style=\"--awb-max-width:600px;--awb-max-height:360px;--awb-align-self:center;--awb-width:100%;\"><div class=\"video-shortcode\"><div class=\"fluid-width-video-wrapper\" style=\"padding-top:60%;\" ><iframe title=\"YouTube video player 1\" src=\"https:\/\/www.youtube.com\/embed\/Xm6rWVM2hWU?wmode=transparent&autoplay=0&amp;rel=0\" width=\"600\" height=\"360\" allowfullscreen allow=\"autoplay; fullscreen\"><\/iframe><\/div><\/div><\/div><\/div><\/div><div class=\"fusion-layout-column fusion_builder_column fusion-builder-column-31 fusion_builder_column_1_2 1_2 fusion-flex-column\" style=\"--awb-bg-size:cover;--awb-width-large:50%;--awb-margin-top-large:0px;--awb-spacing-right-large:3.84%;--awb-margin-bottom-large:20px;--awb-spacing-left-large:3.84%;--awb-width-medium:100%;--awb-order-medium:0;--awb-spacing-right-medium:1.92%;--awb-spacing-left-medium:1.92%;--awb-width-small:100%;--awb-order-small:0;--awb-spacing-right-small:1.92%;--awb-spacing-left-small:1.92%;\"><div class=\"fusion-column-wrapper fusion-column-has-shadow fusion-flex-justify-content-flex-start fusion-content-layout-column\"><div class=\"fusion-video fusion-youtube\" style=\"--awb-max-width:600px;--awb-max-height:360px;--awb-align-self:center;--awb-width:100%;\"><div class=\"video-shortcode\"><div class=\"fluid-width-video-wrapper\" style=\"padding-top:60%;\" ><iframe title=\"YouTube video player 2\" src=\"https:\/\/www.youtube.com\/embed\/bZOvnHTM6Wg?wmode=transparent&autoplay=0&amp;rel=0\" width=\"600\" height=\"360\" allowfullscreen allow=\"autoplay; fullscreen\"><\/iframe><\/div><\/div><\/div><\/div><\/div><\/div><\/div><div class=\"fusion-fullwidth fullwidth-box fusion-builder-row-12 fusion-flex-container has-pattern-background has-mask-background nonhundred-percent-fullwidth non-hundred-percent-height-scrolling\" style=\"--link_hover_color: var(--awb-color6);--link_color: var(--awb-color7);--awb-border-radius-top-left:0px;--awb-border-radius-top-right:0px;--awb-border-radius-bottom-right:0px;--awb-border-radius-bottom-left:0px;--awb-padding-top:70px;--awb-padding-bottom:70px;--awb-flex-wrap:wrap;\" ><div class=\"fusion-builder-row fusion-row fusion-flex-align-items-flex-start fusion-flex-content-wrap\" style=\"max-width:1289.6px;margin-left: calc(-4% \/ 2 );margin-right: calc(-4% \/ 2 );\"><div class=\"fusion-layout-column fusion_builder_column fusion-builder-column-32 fusion_builder_column_1_2 1_2 fusion-flex-column\" style=\"--awb-bg-size:cover;--awb-width-large:50%;--awb-margin-top-large:0px;--awb-spacing-right-large:3.84%;--awb-margin-bottom-large:20px;--awb-spacing-left-large:3.84%;--awb-width-medium:100%;--awb-order-medium:0;--awb-spacing-right-medium:1.92%;--awb-spacing-left-medium:1.92%;--awb-width-small:100%;--awb-order-small:0;--awb-spacing-right-small:1.92%;--awb-spacing-left-small:1.92%;\"><div class=\"fusion-column-wrapper fusion-column-has-shadow fusion-flex-justify-content-flex-start fusion-content-layout-column\"><div class=\"fusion-title title fusion-title-11 fusion-sep-none fusion-title-text fusion-title-size-two\"><h2 class=\"fusion-title-heading title-heading-left\" style=\"margin:0;line-height:1;\">Contact<\/h2><\/div><div class=\"fusion-separator\" style=\"align-self: flex-start;margin-right:auto;margin-top:0px;margin-bottom:40px;width:100%;max-width:200px;\"><div class=\"fusion-separator-border sep-single sep-solid\" style=\"--awb-height:20px;--awb-amount:20px;--awb-sep-color:#fec96b;border-color:#fec96b;border-top-width:3px;\"><\/div><\/div><ul style=\"--awb-size:16px;--awb-iconcolor:var(--awb-color1);--awb-line-height:27.2px;--awb-icon-width:27.2px;--awb-icon-height:27.2px;--awb-icon-margin:11.2px;--awb-content-margin:38.4px;--awb-circlecolor:var(--awb-color6);--awb-circle-yes-font-size:14.08px;\" class=\"fusion-checklist fusion-checklist-2 fusion-checklist-default type-icons\"><li class=\"fusion-li-item\" style=\"\"><span class=\"icon-wrapper circle-yes\"><i class=\"fusion-li-icon fa-envelope fas\" aria-hidden=\"true\"><\/i><\/span><div class=\"fusion-li-item-content\">\n<p><a href=\"mailto:romania@justice-initiative.eu\" target=\"_blank\" rel=\"noopener\">romania@justice-initiative.eu<\/a><\/p>\n<\/div><\/li><li class=\"fusion-li-item\" style=\"\"><span class=\"icon-wrapper circle-yes\"><i class=\"fusion-li-icon fa-phone fas\" aria-hidden=\"true\"><\/i><\/span><div class=\"fusion-li-item-content\">\n<p><a href=\"tel:+40751095724\" target=\"_blank\" rel=\"noopener\"><span style=\"font-weight: 400;\">+40 751 095 724<\/span><\/a><\/p>\n<\/div><\/li><li class=\"fusion-li-item\" style=\"\"><span class=\"icon-wrapper circle-yes\"><i class=\"fusion-li-icon fa-facebook-f fab\" aria-hidden=\"true\"><\/i><\/span><div class=\"fusion-li-item-content\">\n<p><a href=\"https:\/\/www.facebook.com\/Justice-Initiative-Romania-103359025738044\" target=\"_blank\" rel=\"noopener\">https:\/\/www.facebook.com\/Justice-Initiative-Romania-103359025738044<\/a><\/p>\n<\/div><\/li><li class=\"fusion-li-item\" style=\"\"><span class=\"icon-wrapper circle-yes\"><i class=\"fusion-li-icon fa-instagram fab\" aria-hidden=\"true\"><\/i><\/span><div class=\"fusion-li-item-content\">\n<p><a href=\"https:\/\/www.instagram.com\/justiceinitiativeromania\/\" target=\"_blank\" rel=\"noopener\">https:\/\/www.instagram.com\/justiceinitiativeromania\/<\/a><\/p>\n<\/div><\/li><\/ul><\/div><\/div><div class=\"fusion-layout-column fusion_builder_column fusion-builder-column-33 fusion_builder_column_1_2 1_2 fusion-flex-column\" style=\"--awb-bg-size:cover;--awb-width-large:50%;--awb-margin-top-large:0px;--awb-spacing-right-large:3.84%;--awb-margin-bottom-large:20px;--awb-spacing-left-large:3.84%;--awb-width-medium:100%;--awb-order-medium:0;--awb-spacing-right-medium:1.92%;--awb-spacing-left-medium:1.92%;--awb-width-small:100%;--awb-order-small:0;--awb-spacing-right-small:1.92%;--awb-spacing-left-small:1.92%;\"><div class=\"fusion-column-wrapper fusion-column-has-shadow fusion-flex-justify-content-flex-start fusion-content-layout-column\"><div class=\"fusion-title title fusion-title-12 fusion-sep-none fusion-title-text fusion-title-size-two\"><h2 class=\"fusion-title-heading title-heading-left\" style=\"margin:0;line-height:1;\">Sus\u021bin\u0103tori \u0219i Parteneri<\/h2><\/div><div class=\"fusion-separator\" style=\"align-self: flex-start;margin-right:auto;margin-top:0px;margin-bottom:40px;width:100%;max-width:200px;\"><div class=\"fusion-separator-border sep-single sep-solid\" style=\"--awb-height:20px;--awb-amount:20px;--awb-sep-color:#fec96b;border-color:#fec96b;border-top-width:3px;\"><\/div><\/div><div class=\"awb-gallery-wrapper awb-gallery-wrapper-1 button-span-no\" style=\"--more-btn-alignment:center;\"><div style=\"margin:-25px;--awb-bordersize:0px;\" class=\"fusion-gallery fusion-gallery-container fusion-grid-4 fusion-columns-total-4 fusion-gallery-layout-grid fusion-gallery-1\"><div style=\"padding:25px;\" class=\"fusion-grid-column fusion-gallery-column fusion-gallery-column-4 hover-type-none\"><div class=\"fusion-gallery-image\"><a href=\"https:\/\/justice-initiative.eu\/wp-content\/uploads\/2022\/09\/Asociatia-Federeii.jpg\" rel=\"noreferrer\" data-rel=\"iLightbox[gallery_image_1]\" class=\"fusion-lightbox\" target=\"_self\"><img decoding=\"async\" src=\"https:\/\/justice-initiative.eu\/wp-content\/uploads\/2022\/09\/Asociatia-Federeii.jpg\" data-orig-src=\"https:\/\/justice-initiative.eu\/wp-content\/uploads\/2022\/09\/Asociatia-Federeii.jpg\" width=\"232\" height=\"231\" alt=\"\" title=\"Asociatia Federeii\" aria-label=\"Asociatia Federeii\" class=\"lazyload img-responsive wp-image-6962\" srcset=\"data:image\/svg+xml,%3Csvg%20xmlns%3D%27http%3A%2F%2Fwww.w3.org%2F2000%2Fsvg%27%20width%3D%27232%27%20height%3D%27231%27%20viewBox%3D%270%200%20232%20231%27%3E%3Crect%20width%3D%27232%27%20height%3D%27231%27%20fill-opacity%3D%220%22%2F%3E%3C%2Fsvg%3E\" data-srcset=\"https:\/\/justice-initiative.eu\/wp-content\/uploads\/2022\/09\/Asociatia-Federeii-200x199.jpg 200w, https:\/\/justice-initiative.eu\/wp-content\/uploads\/2022\/09\/Asociatia-Federeii.jpg 232w\" data-sizes=\"auto\" data-orig-sizes=\"(min-width: 2200px) 100vw, (min-width: 743px) 291px, (min-width: 709px) 388px, (min-width: 674px) 583px, (min-width: 640px) 674px, \" \/><\/a><\/div><\/div><div style=\"padding:25px;\" class=\"fusion-grid-column fusion-gallery-column fusion-gallery-column-4 hover-type-none\"><div class=\"fusion-gallery-image\"><a href=\"https:\/\/justice-initiative.eu\/wp-content\/uploads\/2022\/09\/Consiliul-Tinerilor-institutionalizati.png\" rel=\"noreferrer\" data-rel=\"iLightbox[gallery_image_1]\" class=\"fusion-lightbox\" target=\"_self\"><img decoding=\"async\" src=\"https:\/\/justice-initiative.eu\/wp-content\/uploads\/2022\/09\/Consiliul-Tinerilor-institutionalizati.png\" data-orig-src=\"https:\/\/justice-initiative.eu\/wp-content\/uploads\/2022\/09\/Consiliul-Tinerilor-institutionalizati.png\" width=\"225\" height=\"225\" alt=\"\" title=\"Consiliul Tinerilor institutionalizati\" aria-label=\"Consiliul Tinerilor institutionalizati\" class=\"lazyload img-responsive wp-image-6971\" srcset=\"data:image\/svg+xml,%3Csvg%20xmlns%3D%27http%3A%2F%2Fwww.w3.org%2F2000%2Fsvg%27%20width%3D%27225%27%20height%3D%27225%27%20viewBox%3D%270%200%20225%20225%27%3E%3Crect%20width%3D%27225%27%20height%3D%27225%27%20fill-opacity%3D%220%22%2F%3E%3C%2Fsvg%3E\" data-srcset=\"https:\/\/justice-initiative.eu\/wp-content\/uploads\/2022\/09\/Consiliul-Tinerilor-institutionalizati-200x200.png 200w, https:\/\/justice-initiative.eu\/wp-content\/uploads\/2022\/09\/Consiliul-Tinerilor-institutionalizati.png 225w\" data-sizes=\"auto\" data-orig-sizes=\"(min-width: 2200px) 100vw, (min-width: 743px) 291px, (min-width: 709px) 388px, (min-width: 674px) 583px, (min-width: 640px) 674px, \" \/><\/a><\/div><\/div><div style=\"padding:25px;\" class=\"fusion-grid-column fusion-gallery-column fusion-gallery-column-4 hover-type-none\"><div class=\"fusion-gallery-image\"><a href=\"https:\/\/justice-initiative.eu\/wp-content\/uploads\/2023\/01\/As-Phoneo_color.png\" rel=\"noreferrer\" data-rel=\"iLightbox[gallery_image_1]\" class=\"fusion-lightbox\" target=\"_self\"><img decoding=\"async\" src=\"https:\/\/justice-initiative.eu\/wp-content\/uploads\/2023\/01\/As-Phoneo_color.png\" data-orig-src=\"https:\/\/justice-initiative.eu\/wp-content\/uploads\/2023\/01\/As-Phoneo_color.png\" width=\"769\" height=\"414\" alt=\"\" title=\"As Phoneo_color\" aria-label=\"As Phoneo_color\" class=\"lazyload img-responsive wp-image-9820\" srcset=\"data:image\/svg+xml,%3Csvg%20xmlns%3D%27http%3A%2F%2Fwww.w3.org%2F2000%2Fsvg%27%20width%3D%27769%27%20height%3D%27414%27%20viewBox%3D%270%200%20769%20414%27%3E%3Crect%20width%3D%27769%27%20height%3D%27414%27%20fill-opacity%3D%220%22%2F%3E%3C%2Fsvg%3E\" data-srcset=\"https:\/\/justice-initiative.eu\/wp-content\/uploads\/2023\/01\/As-Phoneo_color-200x108.png 200w, https:\/\/justice-initiative.eu\/wp-content\/uploads\/2023\/01\/As-Phoneo_color-400x215.png 400w, https:\/\/justice-initiative.eu\/wp-content\/uploads\/2023\/01\/As-Phoneo_color-600x323.png 600w, https:\/\/justice-initiative.eu\/wp-content\/uploads\/2023\/01\/As-Phoneo_color.png 769w\" data-sizes=\"auto\" data-orig-sizes=\"(min-width: 2200px) 100vw, (min-width: 743px) 291px, (min-width: 709px) 388px, (min-width: 674px) 583px, (min-width: 640px) 674px, \" \/><\/a><\/div><\/div><div style=\"padding:25px;\" class=\"fusion-grid-column fusion-gallery-column fusion-gallery-column-4 hover-type-none\"><div class=\"fusion-gallery-image\"><a href=\"https:\/\/justice-initiative.eu\/wp-content\/uploads\/2022\/09\/Muzeul-Abandonului.png\" rel=\"noreferrer\" data-rel=\"iLightbox[gallery_image_1]\" class=\"fusion-lightbox\" target=\"_self\"><img decoding=\"async\" src=\"https:\/\/justice-initiative.eu\/wp-content\/uploads\/2022\/09\/Muzeul-Abandonului.png\" data-orig-src=\"https:\/\/justice-initiative.eu\/wp-content\/uploads\/2022\/09\/Muzeul-Abandonului.png\" width=\"1080\" height=\"1080\" alt=\"\" title=\"Muzeul Abandonului\" aria-label=\"Muzeul Abandonului\" class=\"lazyload img-responsive wp-image-6989\" srcset=\"data:image\/svg+xml,%3Csvg%20xmlns%3D%27http%3A%2F%2Fwww.w3.org%2F2000%2Fsvg%27%20width%3D%271080%27%20height%3D%271080%27%20viewBox%3D%270%200%201080%201080%27%3E%3Crect%20width%3D%271080%27%20height%3D%271080%27%20fill-opacity%3D%220%22%2F%3E%3C%2Fsvg%3E\" data-srcset=\"https:\/\/justice-initiative.eu\/wp-content\/uploads\/2022\/09\/Muzeul-Abandonului-200x200.png 200w, https:\/\/justice-initiative.eu\/wp-content\/uploads\/2022\/09\/Muzeul-Abandonului-400x400.png 400w, https:\/\/justice-initiative.eu\/wp-content\/uploads\/2022\/09\/Muzeul-Abandonului-600x600.png 600w, https:\/\/justice-initiative.eu\/wp-content\/uploads\/2022\/09\/Muzeul-Abandonului-800x800.png 800w, https:\/\/justice-initiative.eu\/wp-content\/uploads\/2022\/09\/Muzeul-Abandonului.png 1080w\" data-sizes=\"auto\" data-orig-sizes=\"(min-width: 2200px) 100vw, (min-width: 743px) 291px, (min-width: 709px) 388px, (min-width: 674px) 583px, (min-width: 640px) 674px, \" \/><\/a><\/div><\/div><div class=\"clearfix\"><\/div><\/div><\/div><\/div><\/div><\/div><\/div><\/p>\n","protected":false},"excerpt":{"rendered":"","protected":false},"author":9,"featured_media":224348,"parent":0,"menu_order":0,"comment_status":"closed","ping_status":"closed","template":"100-width.php","meta":[],"yoast_head":"<!-- This site is optimized with the Yoast SEO plugin v21.7 - https:\/\/yoast.com\/wordpress\/plugins\/seo\/ -->\n<title>Justice for victims of abuse in Romania | Justice Initiative<\/title>\n<meta name=\"description\" content=\"Our mission is to restore justice for victims of abuse in Romania. Political initiative against child abuses. Become a supporter and get involved!\" \/>\n<meta name=\"robots\" content=\"index, follow, max-snippet:-1, max-image-preview:large, max-video-preview:-1\" \/>\n<link rel=\"canonical\" href=\"https:\/\/justice-initiative.eu\/ro\/\" \/>\n<meta property=\"og:locale\" content=\"ro_RO\" \/>\n<meta property=\"og:type\" content=\"article\" \/>\n<meta property=\"og:title\" content=\"Justice for victims of abuse in Romania | Justice Initiative\" \/>\n<meta property=\"og:description\" content=\"Our mission is to restore justice for victims of abuse in Romania. Political initiative against child abuses. Become a supporter and get involved!\" \/>\n<meta property=\"og:url\" content=\"https:\/\/justice-initiative.eu\/ro\/\" \/>\n<meta property=\"og:site_name\" content=\"Justice Initiative\" \/>\n<meta property=\"article:modified_time\" content=\"2024-02-01T11:11:23+00:00\" \/>\n<meta property=\"og:image\" content=\"http:\/\/17\" \/>\n<meta name=\"twitter:card\" content=\"summary_large_image\" \/>\n<meta name=\"twitter:label1\" content=\"Timp estimat pentru citire\" \/>\n\t<meta name=\"twitter:data1\" content=\"32 de minute\" \/>\n<script type=\"application\/ld+json\" class=\"yoast-schema-graph\">{\"@context\":\"https:\/\/schema.org\",\"@graph\":[{\"@type\":\"WebPage\",\"@id\":\"https:\/\/justice-initiative.eu\/ro\/\",\"url\":\"https:\/\/justice-initiative.eu\/ro\/\",\"name\":\"Justice for victims of abuse in Romania | Justice Initiative\",\"isPartOf\":{\"@id\":\"https:\/\/justice-initiative.eu\/ro\/#website\"},\"datePublished\":\"2021-05-19T11:32:36+00:00\",\"dateModified\":\"2024-02-01T11:11:23+00:00\",\"description\":\"Our mission is to restore justice for victims of abuse in Romania. Political initiative against child abuses. Become a supporter and get involved!\",\"breadcrumb\":{\"@id\":\"https:\/\/justice-initiative.eu\/ro\/#breadcrumb\"},\"inLanguage\":\"ro-RO\",\"potentialAction\":[{\"@type\":\"ReadAction\",\"target\":[\"https:\/\/justice-initiative.eu\/ro\/\"]}]},{\"@type\":\"BreadcrumbList\",\"@id\":\"https:\/\/justice-initiative.eu\/ro\/#breadcrumb\",\"itemListElement\":[{\"@type\":\"ListItem\",\"position\":1,\"name\":\"Home\",\"item\":\"https:\/\/justice-initiative.eu\/ro\/\"},{\"@type\":\"ListItem\",\"position\":2,\"name\":\"Justice Initiative Romania\"}]},{\"@type\":\"WebSite\",\"@id\":\"https:\/\/justice-initiative.eu\/ro\/#website\",\"url\":\"https:\/\/justice-initiative.eu\/ro\/\",\"name\":\"Justice Initiative\",\"description\":\"\",\"publisher\":{\"@id\":\"https:\/\/justice-initiative.eu\/ro\/#organization\"},\"potentialAction\":[{\"@type\":\"SearchAction\",\"target\":{\"@type\":\"EntryPoint\",\"urlTemplate\":\"https:\/\/justice-initiative.eu\/ro\/?s={search_term_string}\"},\"query-input\":\"required name=search_term_string\"}],\"inLanguage\":\"ro-RO\"},{\"@type\":\"Organization\",\"@id\":\"https:\/\/justice-initiative.eu\/ro\/#organization\",\"name\":\"Justice Initiative\",\"url\":\"https:\/\/justice-initiative.eu\/ro\/\",\"logo\":{\"@type\":\"ImageObject\",\"inLanguage\":\"ro-RO\",\"@id\":\"https:\/\/justice-initiative.eu\/ro\/#\/schema\/logo\/image\/\",\"url\":\"https:\/\/justice-initiative.eu\/wp-content\/uploads\/2021\/09\/favicon.png\",\"contentUrl\":\"https:\/\/justice-initiative.eu\/wp-content\/uploads\/2021\/09\/favicon.png\",\"width\":100,\"height\":103,\"caption\":\"Justice Initiative\"},\"image\":{\"@id\":\"https:\/\/justice-initiative.eu\/ro\/#\/schema\/logo\/image\/\"}}]}<\/script>\n<!-- \/ Yoast SEO plugin. -->","yoast_head_json":{"title":"Justice for victims of abuse in Romania | Justice Initiative","description":"Our mission is to restore justice for victims of abuse in Romania. Political initiative against child abuses. Become a supporter and get involved!","robots":{"index":"index","follow":"follow","max-snippet":"max-snippet:-1","max-image-preview":"max-image-preview:large","max-video-preview":"max-video-preview:-1"},"canonical":"https:\/\/justice-initiative.eu\/ro\/","og_locale":"ro_RO","og_type":"article","og_title":"Justice for victims of abuse in Romania | Justice Initiative","og_description":"Our mission is to restore justice for victims of abuse in Romania. Political initiative against child abuses. Become a supporter and get involved!","og_url":"https:\/\/justice-initiative.eu\/ro\/","og_site_name":"Justice Initiative","article_modified_time":"2024-02-01T11:11:23+00:00","og_image":[{"url":"17"}],"twitter_card":"summary_large_image","twitter_misc":{"Timp estimat pentru citire":"32 de minute"},"schema":{"@context":"https:\/\/schema.org","@graph":[{"@type":"WebPage","@id":"https:\/\/justice-initiative.eu\/ro\/","url":"https:\/\/justice-initiative.eu\/ro\/","name":"Justice for victims of abuse in Romania | Justice Initiative","isPartOf":{"@id":"https:\/\/justice-initiative.eu\/ro\/#website"},"datePublished":"2021-05-19T11:32:36+00:00","dateModified":"2024-02-01T11:11:23+00:00","description":"Our mission is to restore justice for victims of abuse in Romania. Political initiative against child abuses. Become a supporter and get involved!","breadcrumb":{"@id":"https:\/\/justice-initiative.eu\/ro\/#breadcrumb"},"inLanguage":"ro-RO","potentialAction":[{"@type":"ReadAction","target":["https:\/\/justice-initiative.eu\/ro\/"]}]},{"@type":"BreadcrumbList","@id":"https:\/\/justice-initiative.eu\/ro\/#breadcrumb","itemListElement":[{"@type":"ListItem","position":1,"name":"Home","item":"https:\/\/justice-initiative.eu\/ro\/"},{"@type":"ListItem","position":2,"name":"Justice Initiative Romania"}]},{"@type":"WebSite","@id":"https:\/\/justice-initiative.eu\/ro\/#website","url":"https:\/\/justice-initiative.eu\/ro\/","name":"Justice Initiative","description":"","publisher":{"@id":"https:\/\/justice-initiative.eu\/ro\/#organization"},"potentialAction":[{"@type":"SearchAction","target":{"@type":"EntryPoint","urlTemplate":"https:\/\/justice-initiative.eu\/ro\/?s={search_term_string}"},"query-input":"required name=search_term_string"}],"inLanguage":"ro-RO"},{"@type":"Organization","@id":"https:\/\/justice-initiative.eu\/ro\/#organization","name":"Justice Initiative","url":"https:\/\/justice-initiative.eu\/ro\/","logo":{"@type":"ImageObject","inLanguage":"ro-RO","@id":"https:\/\/justice-initiative.eu\/ro\/#\/schema\/logo\/image\/","url":"https:\/\/justice-initiative.eu\/wp-content\/uploads\/2021\/09\/favicon.png","contentUrl":"https:\/\/justice-initiative.eu\/wp-content\/uploads\/2021\/09\/favicon.png","width":100,"height":103,"caption":"Justice Initiative"},"image":{"@id":"https:\/\/justice-initiative.eu\/ro\/#\/schema\/logo\/image\/"}}]}},"_links":{"self":[{"href":"https:\/\/justice-initiative.eu\/ro\/wp-json\/wp\/v2\/pages\/2955"}],"collection":[{"href":"https:\/\/justice-initiative.eu\/ro\/wp-json\/wp\/v2\/pages"}],"about":[{"href":"https:\/\/justice-initiative.eu\/ro\/wp-json\/wp\/v2\/types\/page"}],"author":[{"embeddable":true,"href":"https:\/\/justice-initiative.eu\/ro\/wp-json\/wp\/v2\/users\/9"}],"replies":[{"embeddable":true,"href":"https:\/\/justice-initiative.eu\/ro\/wp-json\/wp\/v2\/comments?post=2955"}],"version-history":[{"count":85,"href":"https:\/\/justice-initiative.eu\/ro\/wp-json\/wp\/v2\/pages\/2955\/revisions"}],"predecessor-version":[{"id":227482,"href":"https:\/\/justice-initiative.eu\/ro\/wp-json\/wp\/v2\/pages\/2955\/revisions\/227482"}],"wp:featuredmedia":[{"embeddable":true,"href":"https:\/\/justice-initiative.eu\/ro\/wp-json\/wp\/v2\/media\/224348"}],"wp:attachment":[{"href":"https:\/\/justice-initiative.eu\/ro\/wp-json\/wp\/v2\/media?parent=2955"}],"curies":[{"name":"wp","href":"https:\/\/api.w.org\/{rel}","templated":true}]}}